{"id":901,"date":"2013-04-17T14:33:42","date_gmt":"2013-04-17T14:33:42","guid":{"rendered":"http:\/\/predmetyreklamni.eu\/vyrobce\/?page_id=901"},"modified":"2014-03-13T16:52:08","modified_gmt":"2014-03-13T16:52:08","slug":"vanocni-osvetleni-vyrobce","status":"publish","type":"page","link":"https:\/\/predmetyreklamni.eu\/vyrobce\/sk\/vanocni-osvetleni-vyrobce\/","title":{"rendered":"V\u00e1no\u010dn\u00ed osv\u011btlen\u00ed v\u00fdrobce"},"content":{"rendered":"<h1 style=\"text-align: justify;\">V\u00ddROBCE PRO V\u00c1NO\u010cN\u00cd OSV\u011aTLEN\u00cd<\/h1>\n<h2 style=\"text-align: justify;\">V\u00fdrobce pro v\u00e1no\u010dn\u00ed osv\u011btlen\u00ed<\/h2>\n<p style=\"text-align: justify;\">V dne\u0161n\u00ed dob\u011b pat\u0159\u00ed v\u00e1no\u010dn\u00ed osv\u011btlen\u00ed a V\u00e1noce neodmysliteln\u011b k sob\u011b. Jemn\u00e9 v\u00e1no\u010dn\u00ed osv\u011btlen\u00ed vytvo\u0159\u00ed p\u0159\u00edjemnou slavnostn\u00ed atmosf\u00e9ru, kter\u00e1 V\u00e1m i Va\u0161im host\u016fm, z\u00e1kazn\u00edk\u016fm, zam\u011bstnanc\u016fm dod\u00e1 dobrou n\u00e1ladu. Existuje mnoho druh\u016f pro v\u00e1no\u010dn\u00ed osv\u011btlen\u00ed a nechat si je dodat p\u0159\u00edmo od v\u00fdrobce je asi nejrozumn\u011bj\u0161\u00ed volbou, kdy je jistota, \u017ee budou p\u0159esn\u011b Va\u0161ich p\u0159edstav.<\/p>\n<p style=\"text-align: justify;\">\u00a0N\u00ed\u017ee V\u00e1m p\u0159edstav\u00edme p\u0159\u00edklady pro v\u00e1no\u010dn\u00ed osv\u011btlen\u00ed, kter\u00fd si m\u016f\u017eete nechat na zak\u00e1zku vyrobit o v\u00fdrobce. Nab\u00edz\u00edme v\u00e1no\u010dn\u00ed osv\u011btlen\u00ed dom\u016f, pouli\u010dn\u00ed v\u00e1no\u010dn\u00ed osv\u011btlen\u00ed, v\u00e1no\u010dn\u00ed osv\u011btlen\u00ed n\u00e1pisy \u010di v\u00e1no\u010dn\u00ed osv\u011btlen\u00ed kabely.<\/p>\n<h2 style=\"text-align: justify;\">V\u00e1no\u010dn\u00ed osv\u011btlen\u00ed postavi\u010dky od v\u00fdrobce<\/h2>\n<p style=\"text-align: justify;\">V\u00e1no\u010dn\u00ed osv\u011btlen\u00ed postavi\u010dky b\u00fdvaj\u00ed nej\u010dast\u011bji s postavou Santa Clause a bez nich si jde V\u00e1noce jen t\u011b\u017eko p\u0159edstavit. V\u00e1no\u010dn\u00ed osv\u011btlen\u00ed postavi\u010dky se hod\u00ed do oken, na dve\u0159e. V\u00e1no\u010dn\u00ed osv\u011btlen\u00ed postavi\u010dky jsou p\u0159ev\u00e1\u017en\u011b vyrobeny v kombinaci materi\u00e1l\u016f PVC s LED diodami.<\/p>\n<p style=\"text-align: justify;\"><a href=\"http:\/\/predmetyreklamni.eu\/vyrobce\/wp-content\/uploads\/v\u00e1no\u010dn\u00ed-osv\u011btlen\u00ed-postavi\u010dky-p\u0159\u00edmo-od-v\u00fdrobce.jpg\"><img decoding=\"async\" loading=\"lazy\" class=\"alignleft  wp-image-1054\" title=\"v\u00e1no\u010dn\u00ed osv\u011btlen\u00ed postavi\u010dky p\u0159\u00edmo od v\u00fdrobce\" alt=\"v\u00e1no\u010dn\u00ed osv\u011btlen\u00ed postavi\u010dky p\u0159\u00edmo od v\u00fdrobce\" src=\"http:\/\/predmetyreklamni.eu\/vyrobce\/wp-content\/uploads\/v\u00e1no\u010dn\u00ed-osv\u011btlen\u00ed-postavi\u010dky-p\u0159\u00edmo-od-v\u00fdrobce-290x300.jpg\" width=\"232\" height=\"240\" srcset=\"https:\/\/predmetyreklamni.eu\/vyrobce\/wp-content\/uploads\/v\u00e1no\u010dn\u00ed-osv\u011btlen\u00ed-postavi\u010dky-p\u0159\u00edmo-od-v\u00fdrobce-290x300.jpg 290w, https:\/\/predmetyreklamni.eu\/vyrobce\/wp-content\/uploads\/v\u00e1no\u010dn\u00ed-osv\u011btlen\u00ed-postavi\u010dky-p\u0159\u00edmo-od-v\u00fdrobce.jpg 300w\" sizes=\"(max-width: 232px) 100vw, 232px\" \/><\/a><\/p>\n<p style=\"text-align: justify;\"><strong>Materi\u00e1l<\/strong>: PVC, LED diody<br \/>\n<strong>Cena<\/strong>: 159,- K\u010d\/ks<br \/>\n<strong>Min. objedn\u00e1vka<\/strong>: 1000 ks<br \/>\nJin\u00e9 mno\u017estv\u00ed?\u00a0<a title=\"ZASLAT POPT\u00c1VKU\" href=\"mailto:info@predmetyreklamni.eu\">ZASLAT POPT\u00c1VKU\u00a0<\/a><\/p>\n<h2 style=\"text-align: justify;\">V\u00e1no\u010dn\u00ed osv\u011btlen\u00ed n\u00e1pisy a LED kabely od v\u00fdrobce<\/h2>\n<p style=\"text-align: justify;\">V\u00e1no\u010dn\u00ed osv\u011btlen\u00ed v podob\u011b n\u00e1pisu Vesel\u00e9 V\u00e1noce (Merry Christmas) nebo v podob\u011b n\u00e1pis\u016f, kter\u00fd tvo\u0159\u00ed LED kabely\u00a0je velmi popul\u00e1rn\u00ed v\u00e1no\u010dn\u00ed osv\u011btlen\u00ed, kter\u00e9 si m\u016f\u017eete nechat vyrobit p\u0159\u00edmo od v\u00fdrobce. Tento druh v\u00e1no\u010dn\u00edho osv\u011btlen\u00ed kombinuje vkus se z\u00e1\u0159iv\u00fdm efektem.V\u00e1no\u010dn\u00ed osv\u011btlen\u00ed n\u00e1pisy LED kabely od v\u00fdrobce se budou skv\u011ble vyj\u00edmat jako dekorace\u00a0kancel\u00e1\u0159e, vstupn\u00edch prostor do firmy, ale osv\u011bd\u010d\u00ed se i jako v\u00fdzdoba domova. V\u00e1no\u010dn\u00ed osv\u011btlen\u00ed m\u016f\u017ee n\u00e9st jak\u00e9koliv n\u00e1pisy a LED kabely m\u016f\u017ee v\u00fdrobce t\u00e9\u017e vytvarovat do mnoha tvar\u016f \u010di n\u00e1pis\u016f.<\/p>\n<p style=\"text-align: justify;\"><span style=\"text-align: justify;\"><a href=\"http:\/\/predmetyreklamni.eu\/vyrobce\/wp-content\/uploads\/v\u00e1no\u010dn\u00ed-osv\u011btlen\u00ed-n\u00e1pisy-led-kabel-od-v\u00fdrobce1.jpg\"><img decoding=\"async\" loading=\"lazy\" class=\"alignleft  wp-image-1063\" title=\"v\u00e1no\u010dn\u00ed osv\u011btlen\u00ed n\u00e1pisy - led kabel od v\u00fdrobce\" alt=\"v\u00e1no\u010dn\u00ed osv\u011btlen\u00ed n\u00e1pisy - led kabel od v\u00fdrobce\" src=\"http:\/\/predmetyreklamni.eu\/vyrobce\/wp-content\/uploads\/v\u00e1no\u010dn\u00ed-osv\u011btlen\u00ed-n\u00e1pisy-led-kabel-od-v\u00fdrobce1.jpg\" width=\"300\" height=\"199\" \/><\/a><br \/>\n<\/span><\/p>\n<p style=\"text-align: justify;\"><span style=\"text-align: justify;\"><strong>Materi\u00e1l<\/strong>: PVC, LED diody<br \/>\n<strong>Cena<\/strong>: 159,- K\u010d\/ks<br \/>\n<strong>Min. objedn\u00e1vka<\/strong>: 1000 ks<br \/>\nJin\u00e9 mno\u017estv\u00ed?\u00a0<a title=\"ZASLAT POPT\u00c1VKU\" href=\"mailto:info@predmetyreklamni.eu\">ZASLAT POPT\u00c1VKU\u00a0<\/a><br \/>\n<\/span><\/p>\n<h2 style=\"text-align: justify;\">Dekorativn\u00ed v\u00e1no\u010dn\u00ed LED osv\u011btlen\u00ed od v\u00fdrobce<\/h2>\n<p style=\"text-align: justify;\">Toto dekorativn\u00ed v\u00e1no\u010dn\u00ed LED osv\u011btlen\u00ed od v\u00fdrobce vyu\u017e\u00edv\u00e1 efektivn\u00ed LED technologii, kter\u00e1 zaji\u0161\u0165uje dlouhou \u017eivotnost a velmi n\u00edzkou energetickou spot\u0159ebu. Dekorativn\u00ed v\u00e1no\u010dn\u00ed osv\u011btlen\u00ed\u00a0 od v\u00fdrobce s LED je v\u00edce ne\u017e 8x \u00fasporn\u011bj\u0161\u00ed ne\u017e tradi\u010dn\u00ed\u00a0\u017e\u00e1rovi\u010dky. Toto dekorativn\u00ed\u00a0v\u00e1no\u010dn\u00ed LED osv\u011btlen\u00ed\u00a0je vhodn\u00e9 na v\u011bnce, v\u00fdzdobu firmy, lod\u011b, auta, pr\u016fvody.\u00a0Pr\u00e1v\u011b univerz\u00e1lnost a n\u00edzk\u00e1 energetick\u00e1 n\u00e1ro\u010dnost vedou k tomu, \u017ee dekorativn\u00ed LED\u00a0v\u00e1no\u010dn\u00edho osv\u011btlen\u00ed od v\u00fdrobce je ta spr\u00e1vn\u00e1 volba. Dekorativn\u00ed v\u00e1no\u010dn\u00ed LED osv\u011btlen\u00ed m\u016f\u017ee m\u00edt tvar hv\u011bzdi\u010dky, zvone\u010dku a dal\u0161\u00edch tvar\u016f.<\/p>\n<p style=\"text-align: justify;\"><a href=\"http:\/\/predmetyreklamni.eu\/vyrobce\/wp-content\/uploads\/Dekorativn\u00ed-v\u00e1no\u010dn\u00ed-LED-osv\u011btlen\u00ed-od-v\u00fdrobce.jpg\"><img decoding=\"async\" loading=\"lazy\" class=\"alignleft  wp-image-1067\" title=\"Dekorativn\u00ed v\u00e1no\u010dn\u00ed LED osv\u011btlen\u00ed od v\u00fdrobce\" alt=\"Dekorativn\u00ed v\u00e1no\u010dn\u00ed LED osv\u011btlen\u00ed od v\u00fdrobce\" src=\"http:\/\/predmetyreklamni.eu\/vyrobce\/wp-content\/uploads\/Dekorativn\u00ed-v\u00e1no\u010dn\u00ed-LED-osv\u011btlen\u00ed-od-v\u00fdrobce-300x176.jpg\" width=\"243\" height=\"142\" srcset=\"https:\/\/predmetyreklamni.eu\/vyrobce\/wp-content\/uploads\/Dekorativn\u00ed-v\u00e1no\u010dn\u00ed-LED-osv\u011btlen\u00ed-od-v\u00fdrobce-300x176.jpg 300w, https:\/\/predmetyreklamni.eu\/vyrobce\/wp-content\/uploads\/Dekorativn\u00ed-v\u00e1no\u010dn\u00ed-LED-osv\u011btlen\u00ed-od-v\u00fdrobce-500x294.jpg 500w, https:\/\/predmetyreklamni.eu\/vyrobce\/wp-content\/uploads\/Dekorativn\u00ed-v\u00e1no\u010dn\u00ed-LED-osv\u011btlen\u00ed-od-v\u00fdrobce.jpg 600w\" sizes=\"(max-width: 243px) 100vw, 243px\" \/><\/a><\/p>\n<p style=\"text-align: justify;\"><strong>Materi\u00e1l<\/strong>: plast, LED diody<br \/>\n<strong>Cena<\/strong>: 83,- K\u010d\/ks<br \/>\n<strong>Min. objedn\u00e1vka<\/strong>: 500 ks<br \/>\nJin\u00e9 mno\u017estv\u00ed?\u00a0<a title=\"ZASLAT POPT\u00c1VKU\" href=\"mailto:info@predmetyreklamni.eu\">ZASLAT POPT\u00c1VKU\u00a0<\/a><\/p>\n<h2 style=\"text-align: justify;\">V\u00e1no\u010dn\u00ed osv\u011btlen\u00ed od v\u00fdrobce &#8211; p\u00e1s LED diod<\/h2>\n<p style=\"text-align: justify;\">Toto v\u00e1no\u010dn\u00ed osv\u011btlen\u00ed od v\u00fdrobce v podob\u011b p\u00e1s LED diod je velice popul\u00e1rn\u00ed pro svou variabilitu a \u00faspornost. P\u00e1s LED diod je vyroben z kvalitn\u00edho PVC, na kter\u00e9m jsou um\u00edst\u011bny LED diody. V\u00e1no\u010dn\u00ed osv\u011btlen\u00ed m\u00e1 p\u0159ipojen\u00ed do el. s\u00edt\u011b pomoc\u00ed 1.5m dlouh\u00e9ho kabelu. Tento typ v\u00e1no\u010dn\u00edho osv\u011btlen\u00ed u\u0161et\u0159\u00ed a\u017e 80% el. energie oproti tradi\u010dn\u00edmu osv\u011btlen\u00ed. Toto v\u00e1no\u010dn\u00ed osv\u011btlen\u00ed je od v\u00fdrobce k dispozici s 20, 35 a 50 LED diodami s b\u00edl\u00e9 barv\u011b nebo v\u00edcebarevn\u00e9m proveden\u00ed.<\/p>\n<p style=\"text-align: justify;\"><a href=\"http:\/\/predmetyreklamni.eu\/vyrobce\/wp-content\/uploads\/V\u00e1no\u010dn\u00ed-osv\u011btlen\u00ed-od-v\u00fdrobce-p\u00e1s-LED-diody.jpg\"><img decoding=\"async\" loading=\"lazy\" class=\"alignleft  wp-image-1080\" title=\"V\u00e1no\u010dn\u00ed osv\u011btlen\u00ed od v\u00fdrobce - p\u00e1s LED diody\" alt=\"V\u00e1no\u010dn\u00ed osv\u011btlen\u00ed od v\u00fdrobce - p\u00e1s LED diody\" src=\"http:\/\/predmetyreklamni.eu\/vyrobce\/wp-content\/uploads\/V\u00e1no\u010dn\u00ed-osv\u011btlen\u00ed-od-v\u00fdrobce-p\u00e1s-LED-diody.jpg\" width=\"210\" height=\"210\" srcset=\"https:\/\/predmetyreklamni.eu\/vyrobce\/wp-content\/uploads\/V\u00e1no\u010dn\u00ed-osv\u011btlen\u00ed-od-v\u00fdrobce-p\u00e1s-LED-diody.jpg 300w, https:\/\/predmetyreklamni.eu\/vyrobce\/wp-content\/uploads\/V\u00e1no\u010dn\u00ed-osv\u011btlen\u00ed-od-v\u00fdrobce-p\u00e1s-LED-diody-150x150.jpg 150w\" sizes=\"(max-width: 210px) 100vw, 210px\" \/><\/a><\/p>\n<p style=\"text-align: justify;\">\n<p style=\"text-align: justify;\"><strong>Materi\u00e1l<\/strong>: PVC, LED diody<br \/>\n<strong>Cena<\/strong>: 145,- K\u010d\/ks<br \/>\n<strong>Min. objedn\u00e1vka<\/strong>: 500 ks<br \/>\nJin\u00e9 mno\u017estv\u00ed?\u00a0<a title=\"ZASLAT POPT\u00c1VKU\" href=\"mailto:info@predmetyreklamni.eu\">ZASLAT POPT\u00c1VKU\u00a0<\/a><\/p>\n<h2 style=\"text-align: justify;\">V\u00e1no\u010dn\u00ed osv\u011btlen\u00ed od v\u00fdrobce &#8211; \u0161plhaj\u00edc\u00ed Santa<\/h2>\n<p style=\"text-align: justify;\">Na produktu v\u00e1no\u010dn\u00ed osv\u011btlen\u00ed \u0161plhaj\u00edc\u00ed Santa m\u016f\u017eete vid\u011bt, \u017ee od v\u00fdrobce si m\u016f\u017eete na zak\u00e1zku nechat vyrobit t\u00e9m\u011b\u0159 v\u0161e. Toto origin\u00e1ln\u00ed v\u00e1no\u010dn\u00ed osv\u011btlen\u00ed \u0161plhaj\u00edc\u00ed Santa lze pou\u017e\u00edt jako dekorace uvnit\u0159 i venku, ale hod\u00ed p\u0159edev\u0161\u00edm k p\u0159ichycen\u00ed k vn\u011bj\u0161\u00ed zdi kom\u00edna, aby tak vytvo\u0159il dojem Santy sp\u011bchaj\u00edc\u00edho s d\u00e1rky za Va\u0161imi d\u011btmi.<\/p>\n<p style=\"text-align: justify;\"><img decoding=\"async\" loading=\"lazy\" class=\"alignleft  wp-image-1073\" title=\"V\u00e1no\u010dn\u00ed osv\u011btlen\u00ed od v\u00fdrobce - \u0161plhaj\u00edc\u00ed Santa\" alt=\"V\u00e1no\u010dn\u00ed osv\u011btlen\u00ed od v\u00fdrobce - \u0161plhaj\u00edc\u00ed Santa\" src=\"http:\/\/predmetyreklamni.eu\/vyrobce\/wp-content\/uploads\/V\u00e1no\u010dn\u00ed-osv\u011btlen\u00ed-od-v\u00fdrobce-\u0161plhaj\u00edc\u00ed-Santa-190x300.jpg\" width=\"152\" height=\"240\" srcset=\"https:\/\/predmetyreklamni.eu\/vyrobce\/wp-content\/uploads\/V\u00e1no\u010dn\u00ed-osv\u011btlen\u00ed-od-v\u00fdrobce-\u0161plhaj\u00edc\u00ed-Santa-190x300.jpg 190w, https:\/\/predmetyreklamni.eu\/vyrobce\/wp-content\/uploads\/V\u00e1no\u010dn\u00ed-osv\u011btlen\u00ed-od-v\u00fdrobce-\u0161plhaj\u00edc\u00ed-Santa.jpg 254w\" sizes=\"(max-width: 152px) 100vw, 152px\" \/><\/p>\n<p style=\"text-align: justify;\"><strong>Materi\u00e1l<\/strong>: plast, LED diody, tkanina<br \/>\n<strong>Cena<\/strong>: 179,- K\u010d\/ks<br \/>\n<strong>Min. objedn\u00e1vka<\/strong>: 500 ks<br \/>\nJin\u00e9 mno\u017estv\u00ed?\u00a0<a title=\"ZASLAT POPT\u00c1VKU\" href=\"mailto:info@predmetyreklamni.eu\">ZASLAT POPT\u00c1VKU\u00a0<\/a><\/p>\n<h2 style=\"text-align: justify;\">\u00a0V\u00e1no\u010dn\u00ed osv\u011btlen\u00ed od v\u00fdrobce druhy a zdroje energie<\/h2>\n<p style=\"text-align: justify;\">Asi nej\u010dast\u011bji pou\u017e\u00edvan\u00e9 v\u00e1no\u010dn\u00ed osv\u011btlen\u00ed je pomoc\u00ed mal\u00e9 \u017e\u00e1rovi\u010dky, kter\u00e9 jsou postupn\u011b nahrazov\u00e1ny LED diodami, a to p\u0159edev\u0161\u00edm z d\u016fvodu n\u00edzk\u00e9 spot\u0159eby elektrick\u00e9 energie. D\u00edky sv\u00e9 \u00faspornosti mohou b\u00fdt v p\u0159\u00edpad\u011b velk\u00e9ho mno\u017estv\u00ed v\u00e1no\u010dn\u00edho osv\u011btlen\u00ed zapojeny do jednoho zdroje a nehroz\u00ed p\u0159et\u00ed\u017een\u00ed s\u00edt\u011b ani obrovsk\u00fd \u00fa\u010det za elekt\u0159inu. LED\u00a0v\u00e1no\u010dn\u00ed osv\u011btlen\u00ed\u00a0od v\u00fdrobce m\u016f\u017ee b\u00fdt dlouh\u00e9 5, 10,20 nebo i 50 metr\u016f.\u00a0V\u00e1no\u010dn\u00ed osv\u011btlen\u00ed m\u016f\u017ee b\u00fdt od v\u00fdrobce vyrobeno i z neonov\u00fdch nebo fluorescen\u010dn\u00edch sv\u011btel. V\u00e1no\u010dn\u00ed osv\u011btlen\u00ed m\u016f\u017ee b\u00fdt od v\u00fdrobce vyrobeno s nap\u00e1jen\u00edm z baterie \u010di elektrick\u00e9 s\u00edt\u011b. Pokud si nech\u00e1te v\u00e1no\u010dn\u00ed osv\u011btlen\u00ed od v\u00fdrobce p\u0159esn\u011b dle Va\u0161ich p\u0159edstav, Va\u0161e v\u00e1no\u010dn\u00ed sv\u00e1tky budou v duchu mnoha barevn\u00fdch sv\u011bt\u00fdlek a dod\u00e1te kancel\u00e1\u0159i, vstupn\u00ed hale, obchodu tu pravou v\u00e1no\u010dn\u00ed atmosf\u00e9ru.<\/p>\n<p style=\"text-align: justify;\">V\u00e1no\u010dn\u00ed osv\u011btlen\u00ed nab\u00edzej\u00ed opravdu kouzelnou pod\u00edvanou, a\u0165 u\u017e uvnit\u0159 nebo venku. Proto ka\u017ed\u00fd prosinec m\u016f\u017eeme vid\u011bt rozmanit\u00e1 v\u00e1no\u010dn\u00ed osv\u011btlen\u00ed v\u0161ude kolem n\u00e1s a my se domn\u00edv\u00e1me, \u017ee z tohoto d\u016fvodu stoj\u00ed za to si nechat od v\u00fdrobce vyrobit v\u00e1no\u010dn\u00ed osv\u011btlen\u00ed na zak\u00e1zku a dle p\u0159edstav Va\u0161\u00ed firmy. Na\u0161e firma m\u00e1 p\u0159\u00edm\u00e9 kontakty na v\u00fdrobce pro v\u00e1no\u010dn\u00ed osv\u011btlen\u00ed a jsme si jist\u00ed, \u017ee v\u00e1no\u010dn\u00ed osv\u011btlen\u00ed jak\u00e9hokoliv druhu je ide\u00e1ln\u00ed investic\u00ed do reklamy. Od v\u00fdrobce lze dodat v\u00e1no\u010dn\u00ed osv\u011btlen\u00ed r\u016fzn\u00fdch typ\u016f barev a tvar\u016f.<\/p>\n<h2 style=\"text-align: justify;\">V\u00e1no\u010dn\u00ed osv\u011btlen\u00ed historie<\/h2>\n<p style=\"text-align: justify;\">V\u00e1no\u010dn\u00ed osv\u011btlen\u00ed\u00a0se pou\u017e\u00edv\u00e1 u\u017e od konce 19. stolet\u00ed. V roce 1895 President Spojen\u00fdch st\u00e1t\u016f americk\u00fdch zapnul v B\u00edl\u00e9m dom\u011b prvn\u00ed elektrick\u00e9\u00a0v\u00e1no\u010dn\u00ed osv\u011btlen\u00ed\u00a0na sv\u011bt\u011b. (Toho dne se psala historie trochu jin\u00e9ho druhu ne\u017e o\u010dek\u00e1v\u00e1me od ud\u00e1lost\u00ed z B\u00edl\u00e9ho domu.)\u00a0V\u00e1no\u010dn\u00ed osv\u011btlen\u00ed\u00a0se stalo masov\u011b popul\u00e1rn\u00edm a\u017e v 30. letech 20. stolet\u00ed, p\u0159edev\u0161\u00edm proto, \u017ee do t\u00e9 doby bylo\u00a0v\u00e1no\u010dn\u00ed osv\u011btlen\u00ed\u00a0i elekt\u0159ina velmi n\u00e1kladn\u00e9.<\/p>\n<p style=\"text-align: justify;\">Po v\u00e1hav\u00fdch za\u010d\u00e1tc\u00edch z\u00edskalo\u00a0v\u00e1no\u010dn\u00ed osv\u011btlen\u00ed\u00a0mnoho p\u0159\u00edznivc\u016f nejprve ve Spojen\u00fdch st\u00e1tech a postupn\u011b v cel\u00e9m sv\u011bt\u011b. Netrvalo dlouho a mnoho m\u011bst za\u010dalo pou\u017e\u00edvat elektrick\u00e9\u00a0v\u00e1no\u010dn\u00ed osv\u011btlen\u00ed, aby ozdobili stromy a budovy a dodali tak sv\u00fdm obyvatel\u016fm sv\u00e1te\u010dn\u00ed n\u00e1ladu. Potom, co se\u00a0v\u00e1no\u010dn\u00ed osv\u011btlen\u00ed\u00a0stalo cenov\u011b dostupn\u00fdm pro b\u011b\u017en\u00e9 lidi, za\u010dalo se vyr\u00e1b\u011bt ve velk\u00e9m a jeho popularita rychle rostla. Lid\u00e9 za\u010dali\u00a0v\u00e1no\u010dn\u00ed osv\u011btlen\u00ed\u00a0pou\u017e\u00edvat i na osv\u011btlen\u00ed dal\u0161\u00edch v\u00e1no\u010dn\u00edch ozdob. Okraje st\u0159ech, okna a dve\u0159e, krby i zdi, v\u0161e za\u010dalo b\u00fdt ozdoben\u00e9.\u00a0Dnes jsme zvykl\u00ed vid\u011bt\u00a0v\u00e1no\u010dn\u00ed osv\u011btlen\u00ed\u00a0na domech, ulic\u00edch i mrakodrapech.<\/p>\n<p style=\"text-align: justify;\">Zaujalo V\u00e1s v\u00e1no\u010dn\u00ed osv\u011btlen\u00ed a chcete si je nechat vyrobit p\u0159\u00edmo od v\u00fdrobce a obdarovat sv\u00e9 z\u00e1kazn\u00edky \u010di obchodn\u00ed partnery? Kontaktujte n\u00e1s pro cenovou nab\u00eddku na emailu:<a href=\"mailto:info@predmetyreklamni.eu\">\u00a0info@predmetyreklamni.eu<\/a><\/p>\n<p style=\"text-align: justify;\"><strong>Do cenov\u00e9 popt\u00e1vky pros\u00edm uve\u010fte pot\u0159ebn\u00e9 informace pro cenovou nab\u00eddku jako<\/strong>: mno\u017estv\u00ed, materi\u00e1l, tvar, barevn\u00e9 proveden\u00ed nebo kombinaci barev, dobu dod\u00e1n\u00ed. V\u0161echny tyto informace n\u00e1m pomohou k rychlej\u0161\u00edmu zpracov\u00e1n\u00ed cenov\u00e9 nab\u00eddky pr\u00e1v\u011b pro V\u00e1s.<\/p>\n<p style=\"text-align: justify;\">T\u011b\u0161\u00edme se na spolupr\u00e1ci! Team Gifts Service<\/p>\n","protected":false},"excerpt":{"rendered":"<p>V\u00ddROBCE PRO V\u00c1NO\u010cN\u00cd OSV\u011aTLEN\u00cd V\u00fdrobce pro v\u00e1no\u010dn\u00ed osv\u011btlen\u00ed V dne\u0161n\u00ed dob\u011b pat\u0159\u00ed v\u00e1no\u010dn\u00ed osv\u011btlen\u00ed a V\u00e1noce neodmysliteln\u011b k sob\u011b. Jemn\u00e9 v\u00e1no\u010dn\u00ed osv\u011btlen\u00ed vytvo\u0159\u00ed p\u0159\u00edjemnou slavnostn\u00ed atmosf\u00e9ru, kter\u00e1 V\u00e1m i Va\u0161im host\u016fm, z\u00e1kazn\u00edk\u016fm, zam\u011bstnanc\u016fm dod\u00e1 dobrou n\u00e1ladu. Existuje mnoho druh\u016f pro &hellip; <a href=\"https:\/\/predmetyreklamni.eu\/vyrobce\/sk\/vanocni-osvetleni-vyrobce\/\">Continue reading <span class=\"meta-nav\">&rarr;<\/span><\/a><\/p>\n","protected":false},"author":1,"featured_media":0,"parent":0,"menu_order":20,"comment_status":"closed","ping_status":"open","template":"sidebar-page.php","meta":[],"_links":{"self":[{"href":"https:\/\/predmetyreklamni.eu\/vyrobce\/sk\/wp-json\/wp\/v2\/pages\/901"}],"collection":[{"href":"https:\/\/predmetyreklamni.eu\/vyrobce\/sk\/wp-json\/wp\/v2\/pages"}],"about":[{"href":"https:\/\/predmetyreklamni.eu\/vyrobce\/sk\/wp-json\/wp\/v2\/types\/page"}],"author":[{"embeddable":true,"href":"https:\/\/predmetyreklamni.eu\/vyrobce\/sk\/wp-json\/wp\/v2\/users\/1"}],"replies":[{"embeddable":true,"href":"https:\/\/predmetyreklamni.eu\/vyrobce\/sk\/wp-json\/wp\/v2\/comments?post=901"}],"version-history":[{"count":35,"href":"https:\/\/predmetyreklamni.eu\/vyrobce\/sk\/wp-json\/wp\/v2\/pages\/901\/revisions"}],"predecessor-version":[{"id":1044,"href":"https:\/\/predmetyreklamni.eu\/vyrobce\/sk\/wp-json\/wp\/v2\/pages\/901\/revisions\/1044"}],"wp:attachment":[{"href":"https:\/\/predmetyreklamni.eu\/vyrobce\/sk\/wp-json\/wp\/v2\/media?parent=901"}],"curies":[{"name":"wp","href":"https:\/\/api.w.org\/{rel}","templated":true}]}}