{"id":3406,"date":"2014-03-24T12:16:10","date_gmt":"2014-03-24T12:16:10","guid":{"rendered":"http:\/\/predmetyreklamni.eu\/vyrobce\/?page_id=3406"},"modified":"2014-05-21T20:05:36","modified_gmt":"2014-05-21T20:05:36","slug":"reklamni-termopolstarky-vyrobce","status":"publish","type":"page","link":"https:\/\/predmetyreklamni.eu\/vyrobce\/reklamni-termopolstarky-vyrobce\/","title":{"rendered":"Gelov\u00e9 nah\u0159\u00edvac\u00ed pol\u0161t\u00e1\u0159ky v\u00fdrobce"},"content":{"rendered":"<h1 style=\"text-align: justify;\">GELOV\u00c9 NAH\u0158\u00cdVAC\u00cd POL\u0160T\u00c1\u0158KY OD V\u00ddROBCE<\/h1>\n<h2 style=\"text-align: justify;\">Gelov\u00e9 nah\u0159\u00edvac\u00ed pol\u0161t\u00e1\u0159ky p\u0159\u00edmo od v\u00fdrobce za skv\u011bl\u00e9 ceny<\/h2>\n<p style=\"text-align: justify;\">Na\u0161\u00edm dal\u0161\u00edm produktem v oblasti reklamn\u00edch p\u0159edm\u011bt\u016f jsou gelov\u00e9 nah\u0159\u00edvac\u00ed pol\u0161t\u00e1\u0159ky, kter\u00e9 V\u00e1m dod\u00e1me p\u0159\u00edmo od v\u00fdrobce. Za dlouh\u00e9 roky v odv\u011btv\u00ed zak\u00e1zkov\u00e9 v\u00fdroby reklamn\u00edch p\u0159edm\u011bt\u016f jsme z\u00edskali mnoho zku\u0161enost\u00ed a i d\u00edky tomu nab\u00edz\u00edme kvalitn\u00ed produkty, prvot\u0159\u00eddn\u00ed z\u00e1kaznick\u00fd servis a v\u00fdhodn\u00e9 ceny.\u00a0Na\u0161\u00edm c\u00edlem je dod\u00e1vat gelov\u00e9 nah\u0159\u00edvac\u00ed pol\u0161t\u00e1\u0159ky se sd\u011blen\u00edm pro Va\u0161e z\u00e1kazn\u00edky, jako je slogan, logo nebo jin\u00e1 grafika.<\/p>\n<p style=\"text-align: justify;\"><a href=\"http:\/\/predmetyreklamni.eu\/vyrobce\/wp-content\/uploads\/nah\u0159\u00edvac\u00ed-pol\u0161t\u00e1\u0159ky-zak\u00e1zkov\u00e1-v\u00fdroba.jpg\"><img decoding=\"async\" loading=\"lazy\" class=\"alignleft  wp-image-3799\" title=\"nah\u0159\u00edvac\u00ed pol\u0161t\u00e1\u0159ky zak\u00e1zkov\u00e1 v\u00fdroba\" alt=\"nah\u0159\u00edvac\u00ed pol\u0161t\u00e1\u0159ky zak\u00e1zkov\u00e1 v\u00fdroba\" src=\"http:\/\/predmetyreklamni.eu\/vyrobce\/wp-content\/uploads\/nah\u0159\u00edvac\u00ed-pol\u0161t\u00e1\u0159ky-zak\u00e1zkov\u00e1-v\u00fdroba-300x224.jpg\" width=\"240\" height=\"179\" srcset=\"https:\/\/predmetyreklamni.eu\/vyrobce\/wp-content\/uploads\/nah\u0159\u00edvac\u00ed-pol\u0161t\u00e1\u0159ky-zak\u00e1zkov\u00e1-v\u00fdroba-300x224.jpg 300w, https:\/\/predmetyreklamni.eu\/vyrobce\/wp-content\/uploads\/nah\u0159\u00edvac\u00ed-pol\u0161t\u00e1\u0159ky-zak\u00e1zkov\u00e1-v\u00fdroba.jpg 320w\" sizes=\"(max-width: 240px) 100vw, 240px\" \/><\/a><\/p>\n<p style=\"text-align: justify;\"><a href=\"http:\/\/predmetyreklamni.eu\/vyrobce\/wp-content\/uploads\/chlad\u00edc\u00ed-pol\u0161t\u00e1\u0159ky-s-potiskem.jpg\"><img decoding=\"async\" loading=\"lazy\" class=\"alignleft  wp-image-3800\" title=\"chlad\u00edc\u00ed pol\u0161t\u00e1\u0159ky s potiskem\" alt=\"chlad\u00edc\u00ed pol\u0161t\u00e1\u0159ky s potiskem\" src=\"http:\/\/predmetyreklamni.eu\/vyrobce\/wp-content\/uploads\/chlad\u00edc\u00ed-pol\u0161t\u00e1\u0159ky-s-potiskem.jpg\" width=\"240\" height=\"170\" \/><\/a><\/p>\n<h2 style=\"text-align: justify;\">Kvalitn\u00ed gelov\u00e9 nah\u0159\u00edvac\u00ed pol\u0161t\u00e1\u0159ky p\u0159\u00edmo od v\u00fdrobce<\/h2>\n<p style=\"text-align: justify;\">Jsme p\u0159\u00edm\u00fd z\u00e1stupce v\u00fdrobce na gelov\u00e9 nah\u0159\u00edvac\u00ed pol\u0161t\u00e1\u0159ky a toto exkluzivn\u00ed postaven\u00ed n\u00e1m d\u00e1v\u00e1 mo\u017enost V\u00e1m nab\u00eddnout kvalitn\u00ed produkty za p\u0159\u00edzniv\u00e9 ceny. Vzhledem k tomu, \u017ee zastupujeme p\u0159\u00edmo v\u00fdrobce zam\u011b\u0159ujeme se na velk\u00e9 objemy a gelov\u00e9 nah\u0159\u00edvac\u00ed pol\u0161t\u00e1\u0159ky dod\u00e1v\u00e1me firm\u00e1m nebo nap\u0159\u00edklad reklamn\u00edm agentur\u00e1m, kter\u00e9 je zprost\u0159edkov\u00e1vaj\u00ed pro sv\u00e9 klienty.<\/p>\n<p style=\"text-align: justify;\">D\u00edky p\u0159\u00edm\u00fdm vazb\u00e1m na v\u00fdrobce, gelov\u00e9 nah\u0159\u00edvac\u00ed pol\u0161t\u00e1\u0159ky V\u00e1m nech\u00e1me vyrobit na m\u00edru Va\u0161im po\u017eadavk\u016fm v libovoln\u00e9m tvaru, velikost a nap\u0159\u00edklad dopln\u011bn\u00fd o grafiku. V\u00fdrobce zhotov\u00ed gelov\u00e9 pol\u0161t\u00e1\u0159ky p\u0159esn\u011b dle Va\u0161eho zad\u00e1n\u00ed a d\u00edky um\u00edst\u011bn\u00e9mu logu nebo reklamn\u00edmu sloganu na pol\u0161t\u00e1\u0159ky s nah\u0159\u00edvac\u00edmi nebo chlad\u00edc\u00ed \u00fa\u010dinky tak z\u00edsk\u00e1te jedine\u010dn\u00fd propaga\u010dn\u00ed p\u0159edm\u011bt, kter\u00e9 zaru\u010den\u011b nikdo neodm\u00edtne.<\/p>\n<p><a href=\"http:\/\/predmetyreklamni.eu\/vyrobce\/wp-content\/uploads\/propaga\u010dn\u00ed-termopol\u0161t\u00e1\u0159ky-v\u00fdrobce.jpg\"><img decoding=\"async\" loading=\"lazy\" class=\"wp-image-3804 alignleft\" title=\"propaga\u010dn\u00ed termopol\u0161t\u00e1\u0159ky v\u00fdrobce\" alt=\"propaga\u010dn\u00ed termopol\u0161t\u00e1\u0159ky v\u00fdrobce\" src=\"http:\/\/predmetyreklamni.eu\/vyrobce\/wp-content\/uploads\/propaga\u010dn\u00ed-termopol\u0161t\u00e1\u0159ky-v\u00fdrobce-300x218.jpg\" width=\"146\" height=\"106\" srcset=\"https:\/\/predmetyreklamni.eu\/vyrobce\/wp-content\/uploads\/propaga\u010dn\u00ed-termopol\u0161t\u00e1\u0159ky-v\u00fdrobce-300x218.jpg 300w, https:\/\/predmetyreklamni.eu\/vyrobce\/wp-content\/uploads\/propaga\u010dn\u00ed-termopol\u0161t\u00e1\u0159ky-v\u00fdrobce-1024x746.jpg 1024w, https:\/\/predmetyreklamni.eu\/vyrobce\/wp-content\/uploads\/propaga\u010dn\u00ed-termopol\u0161t\u00e1\u0159ky-v\u00fdrobce-411x300.jpg 411w, https:\/\/predmetyreklamni.eu\/vyrobce\/wp-content\/uploads\/propaga\u010dn\u00ed-termopol\u0161t\u00e1\u0159ky-v\u00fdrobce.jpg 1588w\" sizes=\"(max-width: 146px) 100vw, 146px\" \/><\/a><\/p>\n<p style=\"text-align: justify;\"><a href=\"http:\/\/predmetyreklamni.eu\/vyrobce\/wp-content\/uploads\/zah\u0159\u00edvac\u00ed-pol\u0161t\u00e1\u0159ky-zak\u00e1zkov\u00e1-v\u00fdroba.jpg\"><img decoding=\"async\" loading=\"lazy\" class=\"alignleft  wp-image-3805\" title=\"zah\u0159\u00edvac\u00ed pol\u0161t\u00e1\u0159ky  zak\u00e1zkov\u00e1 v\u00fdroba\" alt=\"zah\u0159\u00edvac\u00ed pol\u0161t\u00e1\u0159ky  zak\u00e1zkov\u00e1 v\u00fdroba\" src=\"http:\/\/predmetyreklamni.eu\/vyrobce\/wp-content\/uploads\/zah\u0159\u00edvac\u00ed-pol\u0161t\u00e1\u0159ky-zak\u00e1zkov\u00e1-v\u00fdroba-300x225.jpg\" width=\"146\" height=\"110\" srcset=\"https:\/\/predmetyreklamni.eu\/vyrobce\/wp-content\/uploads\/zah\u0159\u00edvac\u00ed-pol\u0161t\u00e1\u0159ky-zak\u00e1zkov\u00e1-v\u00fdroba-300x225.jpg 300w, https:\/\/predmetyreklamni.eu\/vyrobce\/wp-content\/uploads\/zah\u0159\u00edvac\u00ed-pol\u0161t\u00e1\u0159ky-zak\u00e1zkov\u00e1-v\u00fdroba.jpg 320w\" sizes=\"(max-width: 146px) 100vw, 146px\" \/><\/a><\/p>\n<p style=\"text-align: justify;\"><a style=\"font-style: normal; line-height: 24.375px; text-decoration: underline;\" href=\"http:\/\/predmetyreklamni.eu\/vyrobce\/wp-content\/uploads\/gelov\u00e9-pol\u0161t\u00e1\u0159ky-zak\u00e1zkov\u00e1-v\u00fdroba.jpg\"><img decoding=\"async\" loading=\"lazy\" class=\"alignleft  wp-image-3806\" style=\"border-color: #bbbbbb; background-color: #eeeeee;\" title=\"gelov\u00e9 pol\u0161t\u00e1\u0159ky zak\u00e1zkov\u00e1 v\u00fdroba\" alt=\"gelov\u00e9 pol\u0161t\u00e1\u0159ky zak\u00e1zkov\u00e1 v\u00fdroba\" src=\"http:\/\/predmetyreklamni.eu\/vyrobce\/wp-content\/uploads\/gelov\u00e9-pol\u0161t\u00e1\u0159ky-zak\u00e1zkov\u00e1-v\u00fdroba-300x225.jpg\" width=\"146\" height=\"110\" srcset=\"https:\/\/predmetyreklamni.eu\/vyrobce\/wp-content\/uploads\/gelov\u00e9-pol\u0161t\u00e1\u0159ky-zak\u00e1zkov\u00e1-v\u00fdroba-300x225.jpg 300w, https:\/\/predmetyreklamni.eu\/vyrobce\/wp-content\/uploads\/gelov\u00e9-pol\u0161t\u00e1\u0159ky-zak\u00e1zkov\u00e1-v\u00fdroba.jpg 320w\" sizes=\"(max-width: 146px) 100vw, 146px\" \/><\/a><\/p>\n<p style=\"text-align: justify;\">Na\u0161e spole\u010dnost\u00a0zastupuje v\u00fdrobce, kter\u00fd m\u00e1 k dispozici rozs\u00e1hl\u00e9 v\u00fdrobn\u00ed kapacity, tak\u017ee pro n\u00e1s nen\u00ed probl\u00e9m gelov\u00e9 nah\u0159\u00edvac\u00ed pol\u0161t\u00e1\u0159ky vyrobit\u00a0v jak\u00e9mkoliv mno\u017estv\u00ed.\u00a0Individu\u00e1ln\u00ed p\u0159\u00edstup ke ka\u017ed\u00e9mu z\u00e1kazn\u00edkovi je pro n\u00e1s z\u00e1sadn\u00ed sou\u010d\u00e1st\u00ed na\u0161\u00ed strategie na trhu. Dal\u0161\u00ed na\u0161\u00ed strategi\u00ed je zak\u00e1zkov\u00e1 v\u00fdroba, co\u017e zaru\u010duje, \u017ee v\u00fdrobce dod\u00e1 gelov\u00e9 nah\u0159\u00edvac\u00ed pol\u0161t\u00e1\u0159ky s jedine\u010dn\u00fdm designem a d\u00edky tomu budou p\u0159esn\u011b odpov\u00eddat Va\u0161\u00ed reklamn\u00ed kampani.<\/p>\n<h2 style=\"text-align: justify;\">Gelov\u00e9 nah\u0159\u00edvac\u00ed pol\u0161t\u00e1\u0159ky &#8211; grafika pro v\u00fdrobce<\/h2>\n<p style=\"text-align: justify;\">Pro rychl\u00e9 a tak\u00e9 snadn\u00e9 zpracov\u00e1n\u00ed gelov\u00fdch nah\u0159\u00edvac\u00edch pol\u0161t\u00e1\u0159k\u016f u v\u00fdrobce je nutn\u00e9 dodat grafick\u00e9 podklady, kter\u00e9 jsou nutn\u00e9 pro v\u00fdrobu. Co mus\u00ed obsahovat grafick\u00e9 podklady:<\/p>\n<ul style=\"text-align: justify;\">\n<li>rozm\u011bry pol\u0161t\u00e1\u0159ku<\/li>\n<li>jasn\u011b definovan\u00fd o\u0159ez pol\u0161t\u00e1\u0159ku<\/li>\n<li>ide\u00e1ln\u00ed form\u00e1t PDF v k\u0159ivk\u00e1ch<\/li>\n<li>ve\u0161ker\u00e9 barvy vydefinovan\u00e9 dle Pantone\u00ae<\/li>\n<li>p\u00edsmo v k\u0159ivk\u00e1ch a p\u0159\u00edpadn\u011b n\u00e1zev Fontu<\/li>\n<li>loga a grafika v k\u0159ivk\u00e1ch<\/li>\n<\/ul>\n<div style=\"text-align: justify;\">\n<div>\n<p style=\"text-align: justify;\">Zaujala V\u00e1s na\u0161e nab\u00eddka a chcete propagovat svou firmu a zna\u010dku a nechat si vyrobit gelov\u00e9 nah\u0159\u00edvac\u00ed pol\u0161t\u00e1\u0159ky p\u0159\u00edmo od v\u00fdrobce?\u00a0Nev\u00e1hejte n\u00e1s kontaktovat pro cenovou nab\u00eddku na emailu:\u00a0<a title=\"info@predmetyreklamni.eu\" href=\"mailto:info@predmetyreklamni.eu\">info@predmetyreklamni.eu<\/a><\/p>\n<p style=\"text-align: justify;\"><strong>Do cenov\u00e9 popt\u00e1vky pros\u00edm uve\u010fte pot\u0159ebn\u00e9 informace pro cenovou nab\u00eddku jako<\/strong>: mno\u017estv\u00ed, velikost, barevn\u00e9 proveden\u00ed nebo kombinaci barev, dobu dod\u00e1n\u00ed. V\u0161echny tyto informace n\u00e1m pomohou k rychlej\u0161\u00edmu zpracov\u00e1n\u00ed cenov\u00e9 nab\u00eddky pr\u00e1v\u011b pro V\u00e1s.<\/p>\n<p style=\"text-align: justify;\">T\u011b\u0161\u00edme se na spolupr\u00e1ci! Team Gifts Service<\/p>\n<\/div>\n<\/div>\n","protected":false},"excerpt":{"rendered":"<p>GELOV\u00c9 NAH\u0158\u00cdVAC\u00cd POL\u0160T\u00c1\u0158KY OD V\u00ddROBCE Gelov\u00e9 nah\u0159\u00edvac\u00ed pol\u0161t\u00e1\u0159ky p\u0159\u00edmo od v\u00fdrobce za skv\u011bl\u00e9 ceny Na\u0161\u00edm dal\u0161\u00edm produktem v oblasti reklamn\u00edch p\u0159edm\u011bt\u016f jsou gelov\u00e9 nah\u0159\u00edvac\u00ed pol\u0161t\u00e1\u0159ky, kter\u00e9 V\u00e1m dod\u00e1me p\u0159\u00edmo od v\u00fdrobce. Za dlouh\u00e9 roky v odv\u011btv\u00ed zak\u00e1zkov\u00e9 v\u00fdroby reklamn\u00edch p\u0159edm\u011bt\u016f &hellip; <a href=\"https:\/\/predmetyreklamni.eu\/vyrobce\/reklamni-termopolstarky-vyrobce\/\">Continue reading <span class=\"meta-nav\">&rarr;<\/span><\/a><\/p>\n","protected":false},"author":1,"featured_media":0,"parent":0,"menu_order":27,"comment_status":"closed","ping_status":"open","template":"sidebar-page.php","meta":[],"_links":{"self":[{"href":"https:\/\/predmetyreklamni.eu\/vyrobce\/wp-json\/wp\/v2\/pages\/3406"}],"collection":[{"href":"https:\/\/predmetyreklamni.eu\/vyrobce\/wp-json\/wp\/v2\/pages"}],"about":[{"href":"https:\/\/predmetyreklamni.eu\/vyrobce\/wp-json\/wp\/v2\/types\/page"}],"author":[{"embeddable":true,"href":"https:\/\/predmetyreklamni.eu\/vyrobce\/wp-json\/wp\/v2\/users\/1"}],"replies":[{"embeddable":true,"href":"https:\/\/predmetyreklamni.eu\/vyrobce\/wp-json\/wp\/v2\/comments?post=3406"}],"version-history":[{"count":18,"href":"https:\/\/predmetyreklamni.eu\/vyrobce\/wp-json\/wp\/v2\/pages\/3406\/revisions"}],"predecessor-version":[{"id":3797,"href":"https:\/\/predmetyreklamni.eu\/vyrobce\/wp-json\/wp\/v2\/pages\/3406\/revisions\/3797"}],"wp:attachment":[{"href":"https:\/\/predmetyreklamni.eu\/vyrobce\/wp-json\/wp\/v2\/media?parent=3406"}],"curies":[{"name":"wp","href":"https:\/\/api.w.org\/{rel}","templated":true}]}}