{"id":3941,"date":"2014-09-12T08:00:14","date_gmt":"2014-09-12T08:00:14","guid":{"rendered":"http:\/\/predmetyreklamni.eu\/vyrobce\/?page_id=3941"},"modified":"2014-10-09T21:11:17","modified_gmt":"2014-10-09T21:11:17","slug":"propagacni-skrabky-na-led-s-potiskem","status":"publish","type":"page","link":"https:\/\/predmetyreklamni.eu\/vyrobce\/propagacni-skrabky-na-led-s-potiskem\/","title":{"rendered":"Propaga\u010dn\u00ed \u0161krabky na led s potiskem"},"content":{"rendered":"<h1 style=\"text-align: justify;\">PROPAGA\u010cN\u00cd \u0160KRABKY NA LED S POTISKEM<\/h1>\n<h2 style=\"text-align: justify;\">\u0160krabky na led s potiskem &#8211; propaga\u010dn\u00ed p\u0159edm\u011bt na zimu!<\/h2>\n<p style=\"text-align: justify;\">Pokud chcete obdarovat sv\u00e9 st\u00e1vaj\u00edc\u00ed \u010di oslovit budouc\u00ed z\u00e1kazn\u00edky v podzimn\u00edm nebo zimn\u00edch obdob\u00ed, jsou propaga\u010dn\u00ed \u0161krabky na led velice dobrou volbou. \u0160krabky na led jednodu\u0161e opat\u0159\u00edme potiskem dle Va\u0161eho zad\u00e1n\u00ed a Vy z\u00edsk\u00e1te propaga\u010dn\u00ed p\u0159edm\u011bty na zimn\u00ed obdob\u00ed. Propaga\u010dn\u00ed \u0161krabky na led nab\u00edz\u00edme v mnoha variant\u00e1ch od mal\u00fdch \u0161krabek po velk\u00e9 s ko\u0161\u0165\u00e1tkem. Zvolte si barvu, tvar, velikost a potisk a my pro V\u00e1s zajist\u00edme propaga\u010dn\u00ed \u0161krabky na led dle Va\u0161eho zad\u00e1n\u00ed.<\/p>\n<h1 style=\"text-align: justify;\">Propaga\u010dn\u00ed \u0161krabky na led s potiskem nab\u00eddka<\/h1>\n<ul style=\"text-align: justify;\">\n<li>skv\u011bl\u00e9 pro Va\u0161\u00ed zimn\u00ed propaga\u010dn\u00ed kampa\u0148<\/li>\n<li>n\u00edzk\u00e9 v\u00fdrobn\u00ed n\u00e1klady<\/li>\n<li>velk\u00e1 plocha pro potisk<\/li>\n<li>\u0161irok\u00e1 nab\u00eddka tvar\u016f, barev a velikost\u00ed<\/li>\n<li>praktick\u00fd propaga\u010dn\u00ed d\u00e1rek<\/li>\n<\/ul>\n<p style=\"text-align: justify;\">N\u00ed\u017ee V\u00e1m p\u0159edstav\u00edme propaga\u010dn\u00ed \u0161krabky na led s potiskem, kter\u00e9 jsme vyr\u00e1b\u011bli pro jin\u00e9 klienty a mo\u017en\u00e1 budeme inspirovat i V\u00e1s k vyu\u017eit\u00ed propaga\u010dn\u00ed \u0161krabky na led s potiskem pro reklamn\u00ed kampa\u0148 Va\u0161\u00ed firmy.<\/p>\n<h2 style=\"text-align: justify;\">Propaga\u010dn\u00ed \u0161krabky na led s potiskem s rukavic\u00ed<\/h2>\n<p style=\"text-align: justify;\"><a href=\"http:\/\/predmetyreklamni.eu\/vyrobce\/wp-content\/uploads\/Promo-\u0161krabky-na-led-s-rukavic\u00ed.jpg\"><img decoding=\"async\" loading=\"lazy\" class=\"alignleft  wp-image-4145\" title=\"Promo \u0161krabky na led s rukavic\u00ed\" alt=\"Promo \u0161krabky na led s rukavic\u00ed\" src=\"http:\/\/predmetyreklamni.eu\/vyrobce\/wp-content\/uploads\/Promo-\u0161krabky-na-led-s-rukavic\u00ed-300x300.jpg\" width=\"240\" height=\"240\" srcset=\"https:\/\/predmetyreklamni.eu\/vyrobce\/wp-content\/uploads\/Promo-\u0161krabky-na-led-s-rukavic\u00ed.jpg 300w, https:\/\/predmetyreklamni.eu\/vyrobce\/wp-content\/uploads\/Promo-\u0161krabky-na-led-s-rukavic\u00ed-150x150.jpg 150w\" sizes=\"(max-width: 240px) 100vw, 240px\" \/><\/a>Propaga\u010dn\u00ed \u0161krabky na led s rukavic\u00ed udr\u017e\u00ed v teple ruku i p\u0159i velk\u00fdch mrazech. Gumi\u010dka kolem z\u00e1p\u011bst\u00ed zamez\u00ed napad\u00e1n\u00ed sn\u011bhu do rukavice. Tyto \u0161krabky na led opat\u0159\u00edme potiskem a Vy tak z\u00edsk\u00e1te perfektn\u00ed zimn\u00ed reklamn\u00ed p\u0159edm\u011bt.<br \/>\n<strong>Materi\u00e1l<\/strong>: nylon s fleecovou vlo\u017ekou, plast<br \/>\n<strong>Rozm\u011bry<\/strong>:\u00a0375x165x10mm nebo na zak\u00e1zku<br \/>\n<strong>Potisk<\/strong>: jednobarevn\u00fd<br \/>\n<strong>Rozm\u011bry potisku<\/strong>:\u00a070x60mm<br \/>\n<strong>Min. objedn\u00e1vka:<\/strong> 300ks<br \/>\n<strong>Cena<\/strong>:\u00a0<a title=\"ZASLAT POPT\u00c1VKU\" href=\"mailto:info@predmetyreklamni.eu\">ZASLAT POPT\u00c1VKU\u00a0<\/a><\/p>\n<h2 style=\"text-align: justify;\">Propaga\u010dn\u00ed \u0161krabky na led s potiskem se st\u011brkou<\/h2>\n<p style=\"text-align: justify;\"><a href=\"http:\/\/predmetyreklamni.eu\/vyrobce\/wp-content\/uploads\/reklamn\u00ed-\u0161krabky-na-led-se-st\u011brkou.jpg\"><img decoding=\"async\" loading=\"lazy\" class=\"alignleft  wp-image-4149\" title=\"reklamn\u00ed \u0161krabky na led se st\u011brkou\" alt=\"reklamn\u00ed \u0161krabky na led se st\u011brkou\" src=\"http:\/\/predmetyreklamni.eu\/vyrobce\/wp-content\/uploads\/reklamn\u00ed-\u0161krabky-na-led-se-st\u011brkou-300x288.jpg\" width=\"240\" height=\"230\" srcset=\"https:\/\/predmetyreklamni.eu\/vyrobce\/wp-content\/uploads\/reklamn\u00ed-\u0161krabky-na-led-se-st\u011brkou-300x288.jpg 300w, https:\/\/predmetyreklamni.eu\/vyrobce\/wp-content\/uploads\/reklamn\u00ed-\u0161krabky-na-led-se-st\u011brkou.jpg 311w\" sizes=\"(max-width: 240px) 100vw, 240px\" \/><\/a>Tyto propaga\u010dn\u00ed \u0161krabky na led jsou mal\u00e9 a snadno se vejdou do p\u0159ihr\u00e1dky ka\u017ed\u00e9ho vozu. \u0160krabky na led maj\u00ed praktickou st\u011brku na sklo. \u0160krabky na led mohou b\u00fdt s potiskem dle Va\u0161eho zad\u00e1n\u00ed.<br \/>\n<strong>Materi\u00e1l<\/strong>: plast, guma<br \/>\n<strong>Rozm\u011bry<\/strong>: 120x120mm nebo na zak\u00e1zku<br \/>\n<strong>Potisk<\/strong>: jednobarevn\u00fd, plnobarevn\u00fd<br \/>\n<strong>Rozm\u011bry potisku<\/strong>:\u00a070x75mm<br \/>\n<strong>Min. objedn\u00e1vka:<\/strong>\u00a0500ks<br \/>\n<strong>Cena<\/strong>:\u00a0<a title=\"ZASLAT POPT\u00c1VKU\" href=\"mailto:info@predmetyreklamni.eu\">ZASLAT POPT\u00c1VKU\u00a0<\/a><\/p>\n<h2 style=\"text-align: justify;\">\u00a0Mal\u00e9 propaga\u010dn\u00ed \u0161krabky na led s potiskem<\/h2>\n<p style=\"text-align: justify;\"><a href=\"http:\/\/predmetyreklamni.eu\/vyrobce\/wp-content\/uploads\/Levn\u00e9-reklamn\u00ed-\u0161krabky-na-led.jpg\"><img decoding=\"async\" loading=\"lazy\" class=\"alignleft  wp-image-4153\" title=\"Levn\u00e9 reklamn\u00ed \u0161krabky na led\" alt=\"Levn\u00e9 reklamn\u00ed \u0161krabky na led\" src=\"http:\/\/predmetyreklamni.eu\/vyrobce\/wp-content\/uploads\/Levn\u00e9-reklamn\u00ed-\u0161krabky-na-led-300x284.jpg\" width=\"240\" height=\"227\" srcset=\"https:\/\/predmetyreklamni.eu\/vyrobce\/wp-content\/uploads\/Levn\u00e9-reklamn\u00ed-\u0161krabky-na-led-300x284.jpg 300w, https:\/\/predmetyreklamni.eu\/vyrobce\/wp-content\/uploads\/Levn\u00e9-reklamn\u00ed-\u0161krabky-na-led-316x300.jpg 316w, https:\/\/predmetyreklamni.eu\/vyrobce\/wp-content\/uploads\/Levn\u00e9-reklamn\u00ed-\u0161krabky-na-led.jpg 322w\" sizes=\"(max-width: 240px) 100vw, 240px\" \/><\/a>Mal\u00e9 \u0161krabky na led jsou vyrobeny z tvrzen\u00e9ho plastu a jsou velice odoln\u00e9 a pat\u0159\u00ed mezi levn\u00e9 propaga\u010dn\u00ed p\u0159edm\u011bty. Propaga\u010dn\u00ed \u0161krabky na led opat\u0159\u00edme potiskem nap\u0159\u00edklad logem nebo kontaktn\u00edmi \u00fadaji Va\u0161\u00ed firmy.<br \/>\n<strong>Materi\u00e1l<\/strong>: plast<br \/>\n<strong>Rozm\u011bry<\/strong>: 85x55mm nebo na zak\u00e1zku<br \/>\n<strong>Potisk<\/strong>: jednobarevn\u00fd, v\u00edcebarevn\u00fd<br \/>\n<strong>Rozm\u011bry potisku<\/strong>:\u00a070x45mm<br \/>\n<strong>Min. objedn\u00e1vka:<\/strong>\u00a0500ks<br \/>\n<strong>Cena<\/strong>:\u00a0<a title=\"ZASLAT POPT\u00c1VKU\" href=\"mailto:info@predmetyreklamni.eu\">ZASLAT POPT\u00c1VKU\u00a0<\/a><\/p>\n<h2 style=\"text-align: justify;\">Propaga\u010dn\u00ed \u0161krabky na led s potiskem a parkovac\u00edmi hodinami<\/h2>\n<p style=\"text-align: justify;\"><a href=\"http:\/\/predmetyreklamni.eu\/vyrobce\/wp-content\/uploads\/Promo-\u0161krabky-na-led-s-parkovac\u00edmi-hodinami.jpg\"><img decoding=\"async\" loading=\"lazy\" class=\"alignleft  wp-image-4155\" title=\"Promo \u0161krabky na led s parkovac\u00edmi hodinami\" alt=\"Promo \u0161krabky na led s parkovac\u00edmi hodinami\" src=\"http:\/\/predmetyreklamni.eu\/vyrobce\/wp-content\/uploads\/Promo-\u0161krabky-na-led-s-parkovac\u00edmi-hodinami.jpg\" width=\"239\" height=\"240\" srcset=\"https:\/\/predmetyreklamni.eu\/vyrobce\/wp-content\/uploads\/Promo-\u0161krabky-na-led-s-parkovac\u00edmi-hodinami.jpg 299w, https:\/\/predmetyreklamni.eu\/vyrobce\/wp-content\/uploads\/Promo-\u0161krabky-na-led-s-parkovac\u00edmi-hodinami-150x150.jpg 150w\" sizes=\"(max-width: 239px) 100vw, 239px\" \/><\/a>\u0160krabky na led mohou b\u00fdt opat\u0159eny nejen potiskem ale i velice u\u017eite\u010dn\u00fdmi parkovac\u00edmi hodinami. \u0160krabky na led v r\u016fzn\u00fdch barv\u00e1ch a vlastn\u00edm potiskem jako praktick\u00fd propaga\u010dn\u00ed p\u0159edm\u011bt.<br \/>\n<strong>Materi\u00e1l<\/strong>: plast, guma<br \/>\n<strong>Rozm\u011bry<\/strong>: 90x120mm nebo na zak\u00e1zku<br \/>\n<strong>Potisk<\/strong>: jednobarevn\u00fd<br \/>\n<strong>Rozm\u011bry potisku<\/strong>:\u00a070x45mm<br \/>\n<strong>Min. objedn\u00e1vka:<\/strong>\u00a0500ks<br \/>\n<strong>Cena<\/strong>:\u00a0<a title=\"ZASLAT POPT\u00c1VKU\" href=\"mailto:info@predmetyreklamni.eu\">ZASLAT POPT\u00c1VKU\u00a0<\/a><\/p>\n<h2 style=\"text-align: justify;\">Propaga\u010dn\u00ed \u0161krabky na led s potiskem a ko\u0161\u0165\u00e1tkem<\/h2>\n<p style=\"text-align: justify;\"><a href=\"http:\/\/predmetyreklamni.eu\/vyrobce\/wp-content\/uploads\/Promo-\u0161krabky-na-sn\u00edh-s-ko\u0161\u0165\u00e1tkem.jpg\"><img decoding=\"async\" loading=\"lazy\" class=\"alignleft  wp-image-4157\" title=\"Promo \u0161krabky na sn\u00edh s ko\u0161\u0165\u00e1tkem\" alt=\"Promo \u0161krabky na sn\u00edh s ko\u0161\u0165\u00e1tkem\" src=\"http:\/\/predmetyreklamni.eu\/vyrobce\/wp-content\/uploads\/Promo-\u0161krabky-na-sn\u00edh-s-ko\u0161\u0165\u00e1tkem-300x300.jpg\" width=\"240\" height=\"240\" srcset=\"https:\/\/predmetyreklamni.eu\/vyrobce\/wp-content\/uploads\/Promo-\u0161krabky-na-sn\u00edh-s-ko\u0161\u0165\u00e1tkem-300x300.jpg 300w, https:\/\/predmetyreklamni.eu\/vyrobce\/wp-content\/uploads\/Promo-\u0161krabky-na-sn\u00edh-s-ko\u0161\u0165\u00e1tkem-150x150.jpg 150w, https:\/\/predmetyreklamni.eu\/vyrobce\/wp-content\/uploads\/Promo-\u0161krabky-na-sn\u00edh-s-ko\u0161\u0165\u00e1tkem.jpg 303w\" sizes=\"(max-width: 240px) 100vw, 240px\" \/><\/a>\u0160krabky na led lze vyrobit a dodat tak\u00e9 s praktick\u00fdm ko\u0161\u0165\u00e1tkem. \u0160krabky na led s firemn\u00edm potiskem dle zad\u00e1n\u00ed budou efektivn\u00ed sou\u010d\u00e1st\u00ed Va\u0161\u00ed propaga\u010dn\u00ed kampan\u011b. \u0160krabky na led s potiskem nab\u00edz\u00edme za v\u00fdhodn\u00e9 ceny.<br \/>\n<strong>Materi\u00e1l<\/strong>: plast, PVC<br \/>\n<strong>Rozm\u011bry<\/strong>: 550x100mm nebo na zak\u00e1zku<br \/>\n<strong>Potisk<\/strong>: jednobarevn\u00fd<br \/>\n<strong>Rozm\u011bry potisku<\/strong>: 28.5&#215;6.5mm<br \/>\n<strong>Min. objedn\u00e1vka:<\/strong>\u00a0300ks<br \/>\n<strong>Cena<\/strong>:\u00a0<a title=\"ZASLAT POPT\u00c1VKU\" href=\"mailto:info@predmetyreklamni.eu\">ZASLAT POPT\u00c1VKU\u00a0<\/a><\/p>\n<h2 style=\"text-align: justify;\">Propaga\u010dn\u00ed \u0161krabky na led s potiskem jako p\u0159\u00edv\u011bsek<\/h2>\n<p style=\"text-align: justify;\"><a href=\"http:\/\/predmetyreklamni.eu\/vyrobce\/wp-content\/uploads\/reklamn\u00ed-\u0161krabky-na-led-p\u0159\u00edv\u011bsek.jpg\"><img decoding=\"async\" loading=\"lazy\" class=\"alignleft  wp-image-4163\" title=\"reklamn\u00ed \u0161krabky na led p\u0159\u00edv\u011bsek\" alt=\"reklamn\u00ed \u0161krabky na led p\u0159\u00edv\u011bsek\" src=\"http:\/\/predmetyreklamni.eu\/vyrobce\/wp-content\/uploads\/reklamn\u00ed-\u0161krabky-na-led-p\u0159\u00edv\u011bsek-300x287.jpg\" width=\"240\" height=\"230\" srcset=\"https:\/\/predmetyreklamni.eu\/vyrobce\/wp-content\/uploads\/reklamn\u00ed-\u0161krabky-na-led-p\u0159\u00edv\u011bsek-300x287.jpg 300w, https:\/\/predmetyreklamni.eu\/vyrobce\/wp-content\/uploads\/reklamn\u00ed-\u0161krabky-na-led-p\u0159\u00edv\u011bsek-312x300.jpg 312w, https:\/\/predmetyreklamni.eu\/vyrobce\/wp-content\/uploads\/reklamn\u00ed-\u0161krabky-na-led-p\u0159\u00edv\u011bsek.jpg 315w\" sizes=\"(max-width: 240px) 100vw, 240px\" \/><\/a>Tyto mal\u00e9 \u0161krabky na led lze na zimu pou\u017e\u00edt jako p\u0159\u00edv\u011bsek na kl\u00ed\u010de od vozu. \u0160krabky na led mohou b\u00fdt v r\u016fzn\u00fdch tvarech, velikostech a Va\u0161\u00edm firemn\u00edm potiskem a m\u00e1te mal\u00fd a praktick\u00fd propaga\u010dn\u00ed d\u00e1rek.<br \/>\n<strong>Materi\u00e1l<\/strong>: plast, guma, kov<br \/>\n<strong>Rozm\u011bry<\/strong>:\u00a050x50x3mm nebo na zak\u00e1zku<br \/>\n<strong>Potisk<\/strong>: jednobarevn\u00fd, v\u00edcebarevn\u00fd<br \/>\n<strong>Rozm\u011bry potisku<\/strong>:\u00a020x15mm<br \/>\n<strong>Min. objedn\u00e1vka:<\/strong>\u00a0500ks<br \/>\n<strong>Cena<\/strong>:\u00a0<a title=\"ZASLAT POPT\u00c1VKU\" href=\"mailto:info@predmetyreklamni.eu\">ZASLAT POPT\u00c1VKU\u00a0<\/a><\/p>\n<h2 style=\"text-align: justify;\">Propaga\u010dn\u00ed \u0161krabky na led s potiskem a rukojet\u00ed<\/h2>\n<p style=\"text-align: justify;\"><strong><a href=\"http:\/\/predmetyreklamni.eu\/vyrobce\/wp-content\/uploads\/Plastov\u00e9-reklamn\u00ed-\u0161krabky-na-led.jpg\"><img decoding=\"async\" loading=\"lazy\" class=\"alignleft  wp-image-4166\" title=\"Plastov\u00e9 reklamn\u00ed \u0161krabky na led\" alt=\"Plastov\u00e9 reklamn\u00ed \u0161krabky na led\" src=\"http:\/\/predmetyreklamni.eu\/vyrobce\/wp-content\/uploads\/Plastov\u00e9-reklamn\u00ed-\u0161krabky-na-led.jpg\" width=\"238\" height=\"251\" srcset=\"https:\/\/predmetyreklamni.eu\/vyrobce\/wp-content\/uploads\/Plastov\u00e9-reklamn\u00ed-\u0161krabky-na-led.jpg 298w, https:\/\/predmetyreklamni.eu\/vyrobce\/wp-content\/uploads\/Plastov\u00e9-reklamn\u00ed-\u0161krabky-na-led-284x300.jpg 284w\" sizes=\"(max-width: 238px) 100vw, 238px\" \/><\/a><\/strong><\/p>\n<p style=\"text-align: justify;\">Lehk\u00e9 a z\u00e1rove\u0148 velice odoln\u00e9 propaga\u010dn\u00ed \u0161krabky na led s praktickou rukojet\u00ed. Tyto \u0161krabky na led jsou vyrobeny z tvrzen\u00e9ho plastu a maj\u00ed vysokou \u017eivotnost. Propaga\u010dn\u00ed \u0161krabky na led s potiskem dle Va\u0161eho zad\u00e1n\u00ed.<br \/>\n<strong>Materi\u00e1l<\/strong>: plast<br \/>\n<strong>Rozm\u011bry<\/strong>: 95x215x25mm nebo na zak\u00e1zku<br \/>\n<strong>Potisk<\/strong>: jednobarevn\u00fd, v\u00edcebarevn\u00fd<br \/>\n<strong>Rozm\u011bry potisku<\/strong>:\u00a070x35mm<br \/>\n<strong>Min. objedn\u00e1vka:<\/strong>\u00a0500ks<br \/>\n<strong>Cena<\/strong>:\u00a0<a title=\"ZASLAT POPT\u00c1VKU\" href=\"mailto:info@predmetyreklamni.eu\">ZASLAT POPT\u00c1VKU\u00a0<\/a><\/p>\n<p style=\"text-align: justify;\">Zaujala V\u00e1s na\u0161e nab\u00eddce a chcete si nechat vyrobit vlastn\u00ed propaga\u010dn\u00ed \u0161krabky na led s potiskem? Kontaktujte n\u00e1s pro cenovou nab\u00eddku na emailu:<a href=\"mailto:info@predmetyreklamni.eu\">\u00a0info@predmetyreklamni.eu<\/a><\/p>\n<p style=\"text-align: justify;\"><strong>Do cenov\u00e9 popt\u00e1vky pros\u00edm uve\u010fte pot\u0159ebn\u00e9 informace pro cenovou nab\u00eddku jako<\/strong>: mno\u017estv\u00ed, velikost, barevn\u00e9 proveden\u00ed nebo kombinaci barev, dobu dod\u00e1n\u00ed. V\u0161echny tyto informace n\u00e1m pomohou k rychlej\u0161\u00edmu zpracov\u00e1n\u00ed cenov\u00e9 nab\u00eddky pr\u00e1v\u011b pro V\u00e1s.<\/p>\n<p style=\"text-align: justify;\">T\u011b\u0161\u00edme se na spolupr\u00e1ci! Team Gifts Service<\/p>\n","protected":false},"excerpt":{"rendered":"<p>PROPAGA\u010cN\u00cd \u0160KRABKY NA LED S POTISKEM \u0160krabky na led s potiskem &#8211; propaga\u010dn\u00ed p\u0159edm\u011bt na zimu! Pokud chcete obdarovat sv\u00e9 st\u00e1vaj\u00edc\u00ed \u010di oslovit budouc\u00ed z\u00e1kazn\u00edky v podzimn\u00edm nebo zimn\u00edch obdob\u00ed, jsou propaga\u010dn\u00ed \u0161krabky na led velice dobrou volbou. \u0160krabky na &hellip; <a href=\"https:\/\/predmetyreklamni.eu\/vyrobce\/propagacni-skrabky-na-led-s-potiskem\/\">Continue reading <span class=\"meta-nav\">&rarr;<\/span><\/a><\/p>\n","protected":false},"author":1,"featured_media":0,"parent":0,"menu_order":30,"comment_status":"closed","ping_status":"open","template":"sidebar-page.php","meta":[],"_links":{"self":[{"href":"https:\/\/predmetyreklamni.eu\/vyrobce\/wp-json\/wp\/v2\/pages\/3941"}],"collection":[{"href":"https:\/\/predmetyreklamni.eu\/vyrobce\/wp-json\/wp\/v2\/pages"}],"about":[{"href":"https:\/\/predmetyreklamni.eu\/vyrobce\/wp-json\/wp\/v2\/types\/page"}],"author":[{"embeddable":true,"href":"https:\/\/predmetyreklamni.eu\/vyrobce\/wp-json\/wp\/v2\/users\/1"}],"replies":[{"embeddable":true,"href":"https:\/\/predmetyreklamni.eu\/vyrobce\/wp-json\/wp\/v2\/comments?post=3941"}],"version-history":[{"count":29,"href":"https:\/\/predmetyreklamni.eu\/vyrobce\/wp-json\/wp\/v2\/pages\/3941\/revisions"}],"predecessor-version":[{"id":3944,"href":"https:\/\/predmetyreklamni.eu\/vyrobce\/wp-json\/wp\/v2\/pages\/3941\/revisions\/3944"}],"wp:attachment":[{"href":"https:\/\/predmetyreklamni.eu\/vyrobce\/wp-json\/wp\/v2\/media?parent=3941"}],"curies":[{"name":"wp","href":"https:\/\/api.w.org\/{rel}","templated":true}]}}