{"id":749,"date":"2013-04-11T19:24:48","date_gmt":"2013-04-11T19:24:48","guid":{"rendered":"http:\/\/predmetyreklamni.eu\/vyrobce\/?page_id=749"},"modified":"2014-03-13T14:17:12","modified_gmt":"2014-03-13T14:17:12","slug":"reklamni-zabky-s-potiskem","status":"publish","type":"page","link":"https:\/\/predmetyreklamni.eu\/vyrobce\/reklamni-zabky-s-potiskem\/","title":{"rendered":"Reklamn\u00ed \u017eabky s potiskem"},"content":{"rendered":"<h1 style=\"text-align: justify;\">REKLAMN\u00cd \u017dABKY S POTISKEM<\/h1>\n<h2 style=\"text-align: justify;\">Reklamn\u00ed \u017eabky s potiskem<\/h2>\n<p style=\"text-align: justify;\">V letn\u00edch parn\u00fdch dnech se nic nevyrovn\u00e1 p\u00e1ru pohodln\u00fdch \u017eabek. Pro\u010d by lid\u00e9 nemohli v <a href=\"http:\/\/predmetyreklamni.eu\/vyrobce\/wp-content\/uploads\/reklamn\u00ed-\u017eabky-s-vyseknut\u00fdm-logem.jpg\"><img decoding=\"async\" loading=\"lazy\" class=\"size-thumbnail wp-image-832 alignright\" title=\"reklamn\u00ed \u017eabky s vyseknut\u00fdm logem\" alt=\"reklamn\u00ed \u017eabky s vyseknut\u00fdm logem\" src=\"http:\/\/predmetyreklamni.eu\/vyrobce\/wp-content\/uploads\/reklamn\u00ed-\u017eabky-s-vyseknut\u00fdm-logem-150x150.jpg\" width=\"150\" height=\"150\" \/><\/a><br \/>\nl\u00e9t\u011b nosit pr\u00e1v\u011b ty Va\u0161e reklamn\u00ed \u017eabky a nav\u00edc s potiskem loga Va\u0161\u00ed firmy. Reklamn\u00ed \u017eabky s potiskem jsou p\u0159es l\u00e9to doslova nepostradateln\u00e1 v\u011bc. Lid\u00e9 je nos\u00ed doma, na v\u00fdlety, na n\u00e1kupy a samoz\u0159ejm\u011b na pl\u00e1\u017e a k vod\u011b. \u00a0 D\u00edky tvarovan\u00e9 podr\u00e1\u017ece mohou reklamn\u00ed \u017eabky s potiskem &#8211; reli\u00e9fem zanech\u00e1vat v p\u00edsku obrazce &#8211; nap\u0159\u00edklad Va\u0161e logo. Reklamn\u00ed Reklamn\u00ed pl\u00e1\u017eov\u00e9 \u017eabky jsou st\u00e1le popul\u00e1rn\u011bj\u0161\u00ed a jsou skv\u011blou mo\u017enost\u00ed jak levn\u011b pos\u00edlit pov\u011bdom\u00ed o Va\u0161\u00ed firm\u011b a zna\u010dce. Chopte se \u0161ance a propagujte se pomoc\u00ed p\u0159edm\u011btu reklamn\u00ed \u017eabky. Vyberte z mnoha r\u016fzn\u00fdch typ\u016f a barev, potisk\u016f nap\u0159\u00edklad na podr\u00e1\u017ece nebo p\u00e1sku. Reklamn\u00ed \u017eabky mohou b\u00fdt vyrobeny v jak\u00e9koliv barv\u011b a s potiskem \u010di vzorem.<\/p>\n<p style=\"text-align: justify;\">N\u00ed\u017ee V\u00e1m p\u0159edstav\u00edme vzorky reklamn\u00ed \u017eabky s potiskem. Jedn\u00e1 se o zak\u00e1zkovou v\u00fdrobu a pro konkr\u00e9tn\u00ed cenou nab\u00eddku n\u00e1s <a title=\"kontaktujte n\u00e1s\" href=\"mailto:info@predmetyreklamni.eu\">kontaktujte<\/a>. D\u011bkujeme<\/p>\n<h2 style=\"text-align: justify;\"><strong>Reklamn\u00ed pl\u00e1\u017eov\u00e9 \u017eabky s potiskem<\/strong><\/h2>\n<p style=\"text-align: justify;\">Reklamn\u00ed pl\u00e1\u017eov\u00e9 \u017eabky mohou b\u00fdt na zak\u00e1zku vyrobeny z jak\u00e9hokoliv materi\u00e1lu odoln\u00e9ho v\u016f\u010di vod\u011b. Va\u0161e reklamn\u00ed pl\u00e1\u017eov\u00e9 \u017eabky na zak\u00e1zku nech\u00e1me opat\u0159it potiskem loga \u010di zna\u010dky. Reklamn\u00ed pl\u00e1\u017eov\u00e9 \u017eabky s potiskem jsou st\u00e1le vd\u011b\u010dn\u00fdm a praktick\u00fdm reklamn\u00edm p\u0159edm\u011btem.<\/p>\n<p style=\"text-align: justify;\"><a href=\"http:\/\/predmetyreklamni.eu\/vyrobce\/wp-content\/uploads\/reklamn\u00ed-pl\u00e1\u017eov\u00e9-\u017eabky-s-potiskem.jpg\"><img decoding=\"async\" loading=\"lazy\" class=\"alignleft  wp-image-799\" title=\"reklamn\u00ed pl\u00e1\u017eov\u00e9 \u017eabky s potiskem\" alt=\"reklamn\u00ed pl\u00e1\u017eov\u00e9 \u017eabky s potiskem\" src=\"http:\/\/predmetyreklamni.eu\/vyrobce\/wp-content\/uploads\/reklamn\u00ed-pl\u00e1\u017eov\u00e9-\u017eabky-s-potiskem-225x300.jpg\" width=\"180\" height=\"240\" srcset=\"https:\/\/predmetyreklamni.eu\/vyrobce\/wp-content\/uploads\/reklamn\u00ed-pl\u00e1\u017eov\u00e9-\u017eabky-s-potiskem-225x300.jpg 225w, https:\/\/predmetyreklamni.eu\/vyrobce\/wp-content\/uploads\/reklamn\u00ed-pl\u00e1\u017eov\u00e9-\u017eabky-s-potiskem.jpg 300w\" sizes=\"(max-width: 180px) 100vw, 180px\" \/><\/a><strong><\/strong><\/p>\n<p style=\"text-align: justify;\"><strong>Materi\u00e1l podr\u00e1\u017eka<\/strong>: guma, EVA, PVC<br \/>\n<strong>Materi\u00e1l p\u00e1sek<\/strong>: vinyl, polyester<br \/>\n<strong>Dostupn\u00e9 velikosti:<\/strong>\u00a0EU 34-43<br \/>\n<strong>Cena ks:<\/strong>\u00a032,- K\u010d\/ks<br \/>\n<strong>Potisk:<\/strong>\u00a0potisk na zak\u00e1zku<br \/>\n<strong>Min. objedn\u00e1vka<\/strong>: 1000ks<br \/>\n<a title=\"ZASLAT POPT\u00c1VKU\" href=\"mailto:info@predmetyreklamni.eu\">ZASLAT POPT\u00c1VKU\u00a0<\/a><\/p>\n<h2 style=\"text-align: justify;\"><span style=\"color: #000000; font-weight: bold;\">EVA reklamn\u00ed \u017eabky s potiskem loga<\/span><\/h2>\n<p style=\"text-align: justify;\">EVA reklamn\u00ed \u017eabky jsou vyrobeny z m\u011bkk\u00e9ho, pohodln\u00e9ho materi\u00e1lu a mohou b\u00fdt na zak\u00e1zku opat\u0159eny potiskem. EVA reklamn\u00ed \u017eabky jsou velice lehk\u00e9 a plavou na hladin\u011b. EVA reklamn\u00ed \u017eabky s potiskem loga \u010di zna\u010dky Va\u0161\u00ed firmy jsou reklamn\u00ed p\u0159edm\u011bt, kter\u00fd nest\u00e1rne.<\/p>\n<p style=\"text-align: justify;\"><a href=\"http:\/\/predmetyreklamni.eu\/vyrobce\/wp-content\/uploads\/EVA-reklamn\u00ed-\u017eabky-s-potiskem.jpg\"><img decoding=\"async\" loading=\"lazy\" class=\"alignleft  wp-image-802\" title=\"EVA reklamn\u00ed \u017eabky s potiskem loga\" alt=\"EVA reklamn\u00ed \u017eabky s potiskem loga\" src=\"http:\/\/predmetyreklamni.eu\/vyrobce\/wp-content\/uploads\/EVA-reklamn\u00ed-\u017eabky-s-potiskem.jpg\" width=\"186\" height=\"186\" srcset=\"https:\/\/predmetyreklamni.eu\/vyrobce\/wp-content\/uploads\/EVA-reklamn\u00ed-\u017eabky-s-potiskem.jpg 288w, https:\/\/predmetyreklamni.eu\/vyrobce\/wp-content\/uploads\/EVA-reklamn\u00ed-\u017eabky-s-potiskem-150x150.jpg 150w\" sizes=\"(max-width: 186px) 100vw, 186px\" \/><\/a><strong><\/strong><\/p>\n<p style=\"text-align: justify;\"><strong>Materi\u00e1l podr\u00e1\u017eka<\/strong>: guma, EVA, PVC<br \/>\n<strong>Materi\u00e1l p\u00e1sek<\/strong>: vinyl, polyester<br \/>\n<strong>Dostupn\u00e9 velikosti:<\/strong>\u00a0EU 34-43<br \/>\n<strong>Cena:<\/strong>\u00a032,- K\u010d\/ks<br \/>\n<strong>Potisk:<\/strong>\u00a0potisk na zak\u00e1zku<br \/>\n<strong>Min. objedn\u00e1vka<\/strong>: 1000ks<br \/>\n<a title=\"ZASLAT POPT\u00c1VKU\" href=\"mailto:info@predmetyreklamni.eu\">ZASLAT POPT\u00c1VKU\u00a0<\/a><\/p>\n<h2 style=\"text-align: justify;\">Reklamn\u00ed lenticul\u00e1rn\u00ed\/3D \u017eabky s potiskem<\/h2>\n<p style=\"text-align: justify;\">Reklamn\u00ed lenticul\u00e1rn\u00ed 3D \u017eabky jsou velice origin\u00e1ln\u00ed a obl\u00edben\u00e9 p\u0159edev\u0161\u00edm u d\u011bt\u00ed. Reklamn\u00ed lenticul\u00e1rn\u00ed 3D \u017eabky mohou b\u00fdt na zak\u00e1zku nejen s 3D efektem, ale nav\u00edc mohou b\u00fdt opat\u0159eny potiskem nap\u0159\u00edklad na p\u00e1sku \u017eabky.<\/p>\n<p style=\"text-align: justify;\"><a href=\"http:\/\/predmetyreklamni.eu\/vyrobce\/wp-content\/uploads\/Reklamn\u00ed-lenticul\u00e1rn\u00ed-3D-\u017eabky-s-potiskem.jpg\"><img decoding=\"async\" loading=\"lazy\" class=\"alignleft  wp-image-807\" title=\"Reklamn\u00ed lenticul\u00e1rn\u00ed 3D \u017eabky s potiskem\" alt=\"Reklamn\u00ed lenticul\u00e1rn\u00ed 3D \u017eabky s potiskem\" src=\"http:\/\/predmetyreklamni.eu\/vyrobce\/wp-content\/uploads\/Reklamn\u00ed-lenticul\u00e1rn\u00ed-3D-\u017eabky-s-potiskem.jpg\" width=\"151\" height=\"198\" \/><\/a><\/p>\n<p style=\"text-align: justify;\"><strong>Materi\u00e1l podr\u00e1\u017eka: <\/strong>guma, EVA, PVC s 3D \u00fapravou<strong><br \/>\n<strong>Materi\u00e1l p\u00e1sek<\/strong>: <\/strong>vinyl, polyester<strong><br \/>\nDostupn\u00e9 velikosti:<\/strong>\u00a0EU 34-43<br \/>\n<strong>Cena:<\/strong>\u00a047,- K\u010d\/ks<br \/>\n<strong>Potisk:<\/strong>\u00a0potisk na zak\u00e1zku<br \/>\n<strong>Min. objedn\u00e1vka<\/strong>: 1000ks<br \/>\n<a title=\"ZASLAT POPT\u00c1VKU\" href=\"mailto:info@predmetyreklamni.eu\">ZASLAT POPT\u00c1VKU\u00a0<\/a><\/p>\n<h2 style=\"text-align: justify;\"><span style=\"color: #000000; font-weight: bold;\">Ekologick\u00e9\u00a0<\/span><span style=\"color: #000000; font-weight: bold;\">reklamn\u00ed \u017eabky s potiskem<\/span><\/h2>\n<p style=\"text-align: justify;\">Ekologick\u00e9 &#8211; ekologicky \u0161etrn\u00e9 reklamn\u00ed \u017eabky mohou b\u00fdt na zak\u00e1zku opat\u0159eny potiskem. Co je ekologick\u00e9 je popul\u00e1rn\u00ed &#8211; jdete tedy s trendem a nechte si na zak\u00e1zku vyrobit ekologick\u00e9 reklamn\u00ed \u017eabky s potiskem p\u00e1sku a dejte najevo kladn\u00fd postoj firmy k \u017eivotn\u00edmu prost\u0159ed\u00ed. Tyto ekologick\u00e9 reklamn\u00ed \u017eabky jsou pom\u011brn\u011b nen\u00e1kladn\u00e9 a Vy je m\u016f\u017eete rozd\u00e1vat jako reklamn\u00ed d\u00e1rek na pl\u00e1\u017e\u00edch, ve\u010d\u00edrc\u00edch,\u00a0veletrz\u00edch.<\/p>\n<p style=\"text-align: justify;\"><a href=\"http:\/\/predmetyreklamni.eu\/vyrobce\/wp-content\/uploads\/ekologick\u00e9-reklamn\u00ed-\u017eabky-s-potiskem.jpg\"><img decoding=\"async\" loading=\"lazy\" class=\"alignleft  wp-image-816\" title=\"ekologick\u00e9 reklamn\u00ed \u017eabky s potiskem\" alt=\"ekologick\u00e9 reklamn\u00ed \u017eabky s potiskem\" src=\"http:\/\/predmetyreklamni.eu\/vyrobce\/wp-content\/uploads\/ekologick\u00e9-reklamn\u00ed-\u017eabky-s-potiskem-300x214.jpg\" width=\"240\" height=\"171\" srcset=\"https:\/\/predmetyreklamni.eu\/vyrobce\/wp-content\/uploads\/ekologick\u00e9-reklamn\u00ed-\u017eabky-s-potiskem-300x214.jpg 300w, https:\/\/predmetyreklamni.eu\/vyrobce\/wp-content\/uploads\/ekologick\u00e9-reklamn\u00ed-\u017eabky-s-potiskem-420x300.jpg 420w, https:\/\/predmetyreklamni.eu\/vyrobce\/wp-content\/uploads\/ekologick\u00e9-reklamn\u00ed-\u017eabky-s-potiskem.jpg 840w\" sizes=\"(max-width: 240px) 100vw, 240px\" \/><\/a><\/p>\n<p style=\"text-align: justify;\"><strong>Materi\u00e1l podr\u00e1\u017eka<\/strong>: kokosov\u00e9 vl\u00e1kno, bambusov\u00e9 vl\u00e1kno<br \/>\n<strong>Materi\u00e1l p\u00e1sek<\/strong>: tkanina<br \/>\n<strong>Dostupn\u00e9 velikosti:<\/strong>\u00a0EU 34-43<br \/>\n<strong>Cena ks:<\/strong>\u00a041.50,- K\u010d\/ks<br \/>\n<strong>Potisk:<\/strong>\u00a0potisk na zak\u00e1zku<br \/>\n<strong>Min. objedn\u00e1vka<\/strong>: 1000ks<br \/>\n<a title=\"ZASLAT POPT\u00c1VKU\" href=\"mailto:info@predmetyreklamni.eu\">ZASLAT POPT\u00c1VKU\u00a0<\/a><\/p>\n<p style=\"text-align: justify;\">Chcete si nechat vyrobit vlastn\u00ed reklamn\u00ed \u017eabky na zak\u00e1zku? Kontaktujte n\u00e1s pro cenovou nab\u00eddku na emailu:<a href=\"mailto:info@predmetyreklamni.eu\">\u00a0info@predmetyreklamni.eu<\/a><\/p>\n<p style=\"text-align: justify;\"><strong>Do cenov\u00e9 popt\u00e1vky pros\u00edm uve\u010fte pot\u0159ebn\u00e9 informace pro cenovou nab\u00eddku jako<\/strong>: mno\u017estv\u00ed, materi\u00e1l, velikost reklamn\u00ed \u017eabky, barevn\u00e9 proveden\u00ed nebo kombinaci barev, dobu dod\u00e1n\u00ed. V\u0161echny tyto informace n\u00e1m pomohou k rychlej\u0161\u00edmu zpracov\u00e1n\u00ed cenov\u00e9 nab\u00eddky pr\u00e1v\u011b pro V\u00e1s.<\/p>\n<p style=\"text-align: justify;\">T\u011b\u0161\u00edme se na spolupr\u00e1ci! Team Gifts Service<\/p>\n","protected":false},"excerpt":{"rendered":"<p>REKLAMN\u00cd \u017dABKY S POTISKEM Reklamn\u00ed \u017eabky s potiskem V letn\u00edch parn\u00fdch dnech se nic nevyrovn\u00e1 p\u00e1ru pohodln\u00fdch \u017eabek. Pro\u010d by lid\u00e9 nemohli v l\u00e9t\u011b nosit pr\u00e1v\u011b ty Va\u0161e reklamn\u00ed \u017eabky a nav\u00edc s potiskem loga Va\u0161\u00ed firmy. Reklamn\u00ed \u017eabky s &hellip; <a href=\"https:\/\/predmetyreklamni.eu\/vyrobce\/reklamni-zabky-s-potiskem\/\">Continue reading <span class=\"meta-nav\">&rarr;<\/span><\/a><\/p>\n","protected":false},"author":1,"featured_media":0,"parent":0,"menu_order":22,"comment_status":"closed","ping_status":"open","template":"sidebar-page.php","meta":[],"_links":{"self":[{"href":"https:\/\/predmetyreklamni.eu\/vyrobce\/wp-json\/wp\/v2\/pages\/749"}],"collection":[{"href":"https:\/\/predmetyreklamni.eu\/vyrobce\/wp-json\/wp\/v2\/pages"}],"about":[{"href":"https:\/\/predmetyreklamni.eu\/vyrobce\/wp-json\/wp\/v2\/types\/page"}],"author":[{"embeddable":true,"href":"https:\/\/predmetyreklamni.eu\/vyrobce\/wp-json\/wp\/v2\/users\/1"}],"replies":[{"embeddable":true,"href":"https:\/\/predmetyreklamni.eu\/vyrobce\/wp-json\/wp\/v2\/comments?post=749"}],"version-history":[{"count":32,"href":"https:\/\/predmetyreklamni.eu\/vyrobce\/wp-json\/wp\/v2\/pages\/749\/revisions"}],"predecessor-version":[{"id":2931,"href":"https:\/\/predmetyreklamni.eu\/vyrobce\/wp-json\/wp\/v2\/pages\/749\/revisions\/2931"}],"wp:attachment":[{"href":"https:\/\/predmetyreklamni.eu\/vyrobce\/wp-json\/wp\/v2\/media?parent=749"}],"curies":[{"name":"wp","href":"https:\/\/api.w.org\/{rel}","templated":true}]}}