{"id":891,"date":"2013-04-17T14:09:18","date_gmt":"2013-04-17T14:09:18","guid":{"rendered":"http:\/\/predmetyreklamni.eu\/vyrobce\/?page_id=891"},"modified":"2014-03-13T16:44:43","modified_gmt":"2014-03-13T16:44:43","slug":"umele-vanocni-stromecky-vyrobce","status":"publish","type":"page","link":"https:\/\/predmetyreklamni.eu\/vyrobce\/umele-vanocni-stromecky-vyrobce\/","title":{"rendered":"Um\u011bl\u00e9 v\u00e1no\u010dn\u00ed strome\u010dky v\u00fdrobce"},"content":{"rendered":"<h1>UM\u011aL\u00c9 V\u00c1NO\u010cN\u00cd STROME\u010cKY V\u00ddROBCE<\/h1>\n<h2>Um\u011bl\u00e9 v\u00e1no\u010dn\u00ed strome\u010dky v\u00fdrobce<\/h2>\n<p style=\"text-align: justify;\">V\u00e1no\u010dn\u00ed strome\u010dky a jejich zdoben\u00ed jsou ned\u00edlnou sou\u010d\u00e1st\u00ed oslav V\u00e1noc. Chcete si vyzdobit prostory firmy a m\u00edt na V\u00e1noce um\u011bl\u00e9 v\u00e1no\u010dn\u00ed strome\u010dky p\u0159esn\u011b dle Va\u0161ich p\u0159edstav? \u0158e\u0161en\u00edm jsou um\u011bl\u00e9 v\u00e1no\u010dn\u00ed strome\u010dky p\u0159\u00edmo od v\u00fdrobce. Na\u0161e firma nab\u00edz\u00ed um\u011bl\u00e9 v\u00e1no\u010dn\u00ed strome\u010dky p\u0159\u00edmo od v\u00fdrobce, tud\u00ed\u017e za velice v\u00fdhodn\u00e9 ceny. V\u00fdrobce V\u00e1m samoz\u0159ejm\u011b nab\u00eddnout mnohem v\u011bt\u0161\u00ed v\u00fdb\u011br a mo\u017enosti pro um\u011bl\u00e9 v\u00e1no\u010dn\u00ed strome\u010dky. V\u00fdrobce V\u00e1m m\u016f\u017ee na zak\u00e1zku vyrobit um\u011bl\u00e9 v\u00e1no\u010dn\u00ed strome\u010dky v r\u016fzn\u00fdch barv\u00e1ch a stylech \u010di velikostech, tak aby p\u0159esn\u011b vyhovovali Va\u0161im po\u017eadavk\u016fm. Pokud jste omezeni prostorem, v nab\u00eddce jsou tak\u00e9 um\u011bl\u00e9 v\u00e1no\u010dn\u00ed strome\u010dky n\u00e1st\u011bnn\u00e9. Um\u011bl\u00e9 v\u00e1no\u010dn\u00ed strome\u010dky od v\u00fdrobce jsou t\u00e9\u017e vhodn\u00e9 pro velkoodb\u011bratele, kter\u00fdm m\u016f\u017eeme nab\u00eddnout zaj\u00edmav\u00e9 mno\u017estevn\u00ed slevy.<\/p>\n<h2 style=\"text-align: justify;\">Um\u011bl\u00e9 v\u00e1no\u010dn\u00ed strome\u010dky od v\u00fdrobce<\/h2>\n<p><a href=\"http:\/\/predmetyreklamni.eu\/vyrobce\/wp-content\/uploads\/um\u011bl\u00e9-v\u00e1no\u010dn\u00ed-strome\u010dky.jpg\"><img decoding=\"async\" loading=\"lazy\" class=\"alignleft size-full wp-image-1018\" title=\"um\u011bl\u00e9 v\u00e1no\u010dn\u00ed strome\u010dky\" alt=\"um\u011bl\u00e9 v\u00e1no\u010dn\u00ed strome\u010dky\" src=\"http:\/\/predmetyreklamni.eu\/vyrobce\/wp-content\/uploads\/um\u011bl\u00e9-v\u00e1no\u010dn\u00ed-strome\u010dky.jpg\" width=\"300\" height=\"300\" srcset=\"https:\/\/predmetyreklamni.eu\/vyrobce\/wp-content\/uploads\/um\u011bl\u00e9-v\u00e1no\u010dn\u00ed-strome\u010dky.jpg 300w, https:\/\/predmetyreklamni.eu\/vyrobce\/wp-content\/uploads\/um\u011bl\u00e9-v\u00e1no\u010dn\u00ed-strome\u010dky-150x150.jpg 150w\" sizes=\"(max-width: 300px) 100vw, 300px\" \/><\/a><\/p>\n<p style=\"text-align: justify;\">Tyto um\u011bl\u00e9 v\u00e1no\u010dn\u00ed strome\u010dky jsou vyrobeny z kvalitn\u00edho PVC. Um\u011bl\u00e9 v\u00e1no\u010dn\u00ed strome\u010dky ve stylu um\u011bl\u00e9 borovice jsou upevn\u011bny v kovov\u00e9m stoj\u00e1nku, kter\u00fd je balen jednotliv\u011b a je ur\u010den k opakovan\u00e9mu pou\u017eit\u00ed.<br \/>\n<strong>Polo\u017eka \u010d<\/strong>.: christmas_tree_001<br \/>\n<strong>Rozm\u011bry<\/strong>: v\u00fd\u0161ka 213 cm<br \/>\n<strong>Cena<\/strong>: 1699,-K\u010d\/ks<br \/>\n<strong>Min. objedn\u00e1vka:<\/strong> 50ks<br \/>\nJin\u00e9 mno\u017estv\u00ed?\u00a0<a title=\"ZASLAT POPT\u00c1VKU\" href=\"mailto:info@predmetyreklamni.eu\">ZASLAT POPT\u00c1VKU\u00a0<\/a><\/p>\n<h2 style=\"text-align: justify;\">Mal\u00e9 um\u011bl\u00e9 v\u00e1no\u010dn\u00ed strome\u010dky od v\u00fdrobce<\/h2>\n<p style=\"text-align: justify;\"><a href=\"http:\/\/predmetyreklamni.eu\/vyrobce\/wp-content\/uploads\/mal\u00e9-um\u011bl\u00e9-v\u00e1no\u010dn\u00ed-strome\u010dky-od-v\u00fdrobce.jpg\"><img decoding=\"async\" loading=\"lazy\" class=\"alignleft size-full wp-image-1020\" title=\"mal\u00e9 um\u011bl\u00e9 v\u00e1no\u010dn\u00ed strome\u010dky od v\u00fdrobce\" alt=\"mal\u00e9 um\u011bl\u00e9 v\u00e1no\u010dn\u00ed strome\u010dky od v\u00fdrobce\" src=\"http:\/\/predmetyreklamni.eu\/vyrobce\/wp-content\/uploads\/mal\u00e9-um\u011bl\u00e9-v\u00e1no\u010dn\u00ed-strome\u010dky-od-v\u00fdrobce.jpg\" width=\"300\" height=\"300\" srcset=\"https:\/\/predmetyreklamni.eu\/vyrobce\/wp-content\/uploads\/mal\u00e9-um\u011bl\u00e9-v\u00e1no\u010dn\u00ed-strome\u010dky-od-v\u00fdrobce.jpg 300w, https:\/\/predmetyreklamni.eu\/vyrobce\/wp-content\/uploads\/mal\u00e9-um\u011bl\u00e9-v\u00e1no\u010dn\u00ed-strome\u010dky-od-v\u00fdrobce-150x150.jpg 150w\" sizes=\"(max-width: 300px) 100vw, 300px\" \/><\/a>Tyto mal\u00e9 um\u011bl\u00e9 v\u00e1no\u010dn\u00ed strome\u010dky jsou vyroben\u00fd z neho\u0159lav\u00e9ho PVC a jsou vyr\u00e1b\u011bny ve stylu jedle. Mal\u00e9 um\u011bl\u00e9 v\u00e1no\u010dn\u00ed strome\u010dky jsou dod\u00e1v\u00e1ny s plastov\u00fdm nebo kovov\u00fdm stoj\u00e1nkem, kter\u00fd je zabalen zvl\u00e1\u0161\u0165. Obr\u00e1zek mal\u00e9 um\u011bl\u00e9 v\u00e1no\u010dn\u00ed strome\u010dky je pouze ilustrativn\u00ed a ozdoby nejsou zahrnuty v cen\u011b.<br \/>\n<strong>Polo\u017eka \u010d<\/strong>.: christmas_tree_002<br \/>\n<strong>Rozm\u011bry<\/strong>: v\u00fd\u0161ka 76 cm<br \/>\n<strong>Cena<\/strong>: 899,- K\u010d\/ks<br \/>\n<strong>Min. objedn\u00e1vka:<\/strong>\u00a050ks<br \/>\nJin\u00e9 mno\u017estv\u00ed?\u00a0<a title=\"ZASLAT POPT\u00c1VKU\" href=\"mailto:info@predmetyreklamni.eu\">ZASLAT POPT\u00c1VKU\u00a0<\/a><\/p>\n<h2 style=\"text-align: justify;\">Dekora\u010dn\u00ed um\u011bl\u00e9 v\u00e1no\u010dn\u00ed stromky od v\u00fdrobce<\/h2>\n<p style=\"text-align: justify;\"><a href=\"http:\/\/predmetyreklamni.eu\/vyrobce\/wp-content\/uploads\/Dekora\u010dn\u00ed-um\u011bl\u00fd-v\u00e1no\u010dn\u00ed-strome\u010dek-od-v\u00fdrobce.jpg\"><img decoding=\"async\" loading=\"lazy\" class=\"alignleft size-medium wp-image-1022\" title=\"Dekora\u010dn\u00ed um\u011bl\u00fd v\u00e1no\u010dn\u00ed strome\u010dek od v\u00fdrobce\" alt=\"Dekora\u010dn\u00ed um\u011bl\u00fd v\u00e1no\u010dn\u00ed strome\u010dek od v\u00fdrobce\" src=\"http:\/\/predmetyreklamni.eu\/vyrobce\/wp-content\/uploads\/Dekora\u010dn\u00ed-um\u011bl\u00fd-v\u00e1no\u010dn\u00ed-strome\u010dek-od-v\u00fdrobce-300x300.jpg\" width=\"300\" height=\"300\" srcset=\"https:\/\/predmetyreklamni.eu\/vyrobce\/wp-content\/uploads\/Dekora\u010dn\u00ed-um\u011bl\u00fd-v\u00e1no\u010dn\u00ed-strome\u010dek-od-v\u00fdrobce-300x300.jpg 300w, https:\/\/predmetyreklamni.eu\/vyrobce\/wp-content\/uploads\/Dekora\u010dn\u00ed-um\u011bl\u00fd-v\u00e1no\u010dn\u00ed-strome\u010dek-od-v\u00fdrobce-150x150.jpg 150w, https:\/\/predmetyreklamni.eu\/vyrobce\/wp-content\/uploads\/Dekora\u010dn\u00ed-um\u011bl\u00fd-v\u00e1no\u010dn\u00ed-strome\u010dek-od-v\u00fdrobce.jpg 600w\" sizes=\"(max-width: 300px) 100vw, 300px\" \/><\/a>Tyto um\u011bl\u00e9 dekora\u010dn\u00ed v\u00e1no\u010dn\u00ed stromky v\u00fdrobce vyr\u00e1b\u00ed z neho\u0159lav\u00e9ho PVC. Dekora\u010dn\u00ed v\u00e1no\u010dn\u00ed strome\u010dky jsou od v\u00fdrobce dod\u00e1v\u00e1ny se z\u00e1\u0159\u00edc\u00edmi \u017elut\u00fdmi sv\u011bt\u00fdlky a cel\u00fd strome\u010dek je upevn\u011bn v kv\u011btin\u00e1\u010di.<br \/>\n<strong>Polo\u017eka \u010d<\/strong>.: christmas_tree_004<br \/>\n<strong>Rozm\u011bry<\/strong>: v\u00fd\u0161ka 121 cm<br \/>\n<strong>Cena<\/strong>: 1189,- K\u010d\/ks<br \/>\n<strong>Min. objedn\u00e1vka:<\/strong>\u00a050ks<br \/>\nJin\u00e9 mno\u017estv\u00ed?\u00a0<a title=\"ZASLAT POPT\u00c1VKU\" href=\"mailto:info@predmetyreklamni.eu\">ZASLAT POPT\u00c1VKU\u00a0<\/a><\/p>\n<p>&nbsp;<\/p>\n<h2>Sn\u011bhov\u011b b\u00edl\u00e9 um\u011bl\u00e9 v\u00e1no\u010dn\u00ed strome\u010dky od v\u00fdrobce<\/h2>\n<p style=\"text-align: justify;\"><a href=\"http:\/\/predmetyreklamni.eu\/vyrobce\/wp-content\/uploads\/sn\u011bhov\u011b-b\u00edl\u00e9-um\u011bl\u00e9-v\u00e1no\u010dn\u00ed-strome\u010dky-od-v\u00fdrobce.jpg\"><img decoding=\"async\" loading=\"lazy\" class=\"alignleft size-medium wp-image-1025\" title=\"sn\u011bhov\u011b b\u00edl\u00e9 um\u011bl\u00e9 v\u00e1no\u010dn\u00ed strome\u010dky od v\u00fdrobce\" alt=\"sn\u011bhov\u011b b\u00edl\u00e9 um\u011bl\u00e9 v\u00e1no\u010dn\u00ed strome\u010dky od v\u00fdrobce\" src=\"http:\/\/predmetyreklamni.eu\/vyrobce\/wp-content\/uploads\/sn\u011bhov\u011b-b\u00edl\u00e9-um\u011bl\u00e9-v\u00e1no\u010dn\u00ed-strome\u010dky-od-v\u00fdrobce-300x300.jpg\" width=\"300\" height=\"300\" srcset=\"https:\/\/predmetyreklamni.eu\/vyrobce\/wp-content\/uploads\/sn\u011bhov\u011b-b\u00edl\u00e9-um\u011bl\u00e9-v\u00e1no\u010dn\u00ed-strome\u010dky-od-v\u00fdrobce-300x300.jpg 300w, https:\/\/predmetyreklamni.eu\/vyrobce\/wp-content\/uploads\/sn\u011bhov\u011b-b\u00edl\u00e9-um\u011bl\u00e9-v\u00e1no\u010dn\u00ed-strome\u010dky-od-v\u00fdrobce-150x150.jpg 150w, https:\/\/predmetyreklamni.eu\/vyrobce\/wp-content\/uploads\/sn\u011bhov\u011b-b\u00edl\u00e9-um\u011bl\u00e9-v\u00e1no\u010dn\u00ed-strome\u010dky-od-v\u00fdrobce.jpg 600w\" sizes=\"(max-width: 300px) 100vw, 300px\" \/><\/a>Sn\u011bhov\u011b b\u00edl\u00e9 um\u011bl\u00e9 v\u00e1no\u010dn\u00ed strome\u010dky jsou od v\u00fdrobce b\u00edl\u00e9 popr\u00e1\u0161kov\u00e1ny, co\u017e vytv\u00e1\u0159\u00ed efekt sn\u011bhov\u00fdch vlo\u010dek. Tyto v\u00e1no\u010dn\u00ed strome\u010dky jsou vyrobeny ve stylu borovice a jsou posety 250 b\u00edl\u00fdm led sv\u011btly.<br \/>\n<strong>Polo\u017eka \u010d<\/strong>.: christmas_tree_005<br \/>\n<strong>Rozm\u011bry<\/strong>: v\u00fd\u0161ka 213 cm<br \/>\n<strong>Cena<\/strong>: 2199,- K\u010d\/ks<br \/>\n<strong>Min. objedn\u00e1vka:<\/strong>\u00a050ks<br \/>\nJin\u00e9 mno\u017estv\u00ed?\u00a0<a title=\"ZASLAT POPT\u00c1VKU\" href=\"mailto:info@predmetyreklamni.eu\">ZASLAT POPT\u00c1VKU\u00a0<\/a><\/p>\n<h2 style=\"text-align: justify;\">Um\u011bl\u00e9 v\u00e1no\u010dn\u00ed strome\u010dky s osv\u011btlen\u00edm od v\u00fdrobce<\/h2>\n<p style=\"text-align: justify;\"><a href=\"http:\/\/predmetyreklamni.eu\/vyrobce\/wp-content\/uploads\/um\u011bl\u00e9-v\u00e1no\u010dn\u00ed-strome\u010dky-s-osv\u011btlen\u00edm-od-v\u00fdrobce.jpg\"><img decoding=\"async\" loading=\"lazy\" class=\"alignleft size-full wp-image-1027\" title=\"um\u011bl\u00e9 v\u00e1no\u010dn\u00ed strome\u010dky s osv\u011btlen\u00edm od v\u00fdrobce\" alt=\"um\u011bl\u00e9 v\u00e1no\u010dn\u00ed strome\u010dky s osv\u011btlen\u00edm od v\u00fdrobce\" src=\"http:\/\/predmetyreklamni.eu\/vyrobce\/wp-content\/uploads\/um\u011bl\u00e9-v\u00e1no\u010dn\u00ed-strome\u010dky-s-osv\u011btlen\u00edm-od-v\u00fdrobce.jpg\" width=\"300\" height=\"300\" srcset=\"https:\/\/predmetyreklamni.eu\/vyrobce\/wp-content\/uploads\/um\u011bl\u00e9-v\u00e1no\u010dn\u00ed-strome\u010dky-s-osv\u011btlen\u00edm-od-v\u00fdrobce.jpg 300w, https:\/\/predmetyreklamni.eu\/vyrobce\/wp-content\/uploads\/um\u011bl\u00e9-v\u00e1no\u010dn\u00ed-strome\u010dky-s-osv\u011btlen\u00edm-od-v\u00fdrobce-150x150.jpg 150w\" sizes=\"(max-width: 300px) 100vw, 300px\" \/><\/a>Um\u011bl\u00e9 v\u00e1no\u010dn\u00ed strome\u010dky mohou b\u00fdt od v\u00fdrobce dod\u00e1v\u00e1ny s osv\u011btlen\u00edm nap\u0159\u00edklad s 450 sv\u011bt\u00fdlky. Um\u011bl\u00e9 v\u00e1no\u010dn\u00ed strome\u010dky s osv\u011btlen\u00edm v\u00fdrobce vyr\u00e1b\u00ed z neho\u0159lav\u00e9ho PVC. Sou\u010d\u00e1st\u00ed balen\u00ed je je kovov\u00fd stojan, kter\u00fd je balen zvl\u00e1\u0161\u0165. Tyto um\u011bl\u00e9 v\u00e1no\u010dn\u00ed strome\u010dky s osv\u011btlen\u00edm jsou vhodn\u00e9 pro vnit\u0159n\u00ed i venkovn\u00ed u\u017eit\u00ed.<br \/>\n<strong>Polo\u017eka \u010d<\/strong>.: christmas_tree_006<br \/>\n<strong>Rozm\u011bry<\/strong>: v\u00fd\u0161ka 213 cm<br \/>\n<strong>Cena<\/strong>: 2199,- K\u010d\/ks<br \/>\n<strong>Min. objedn\u00e1vka:<\/strong>\u00a050ks<br \/>\nJin\u00e9 mno\u017estv\u00ed?\u00a0<a title=\"ZASLAT POPT\u00c1VKU\" href=\"mailto:info@predmetyreklamni.eu\">ZASLAT POPT\u00c1VKU\u00a0<\/a><\/p>\n<h2 style=\"text-align: justify;\">Um\u011bl\u00e9 v\u00e1no\u010dn\u00ed strome\u010dky s dekorac\u00ed od v\u00fdrobce<\/h2>\n<p style=\"text-align: justify;\"><a href=\"http:\/\/predmetyreklamni.eu\/vyrobce\/wp-content\/uploads\/Um\u011bl\u00e9-v\u00e1no\u010dn\u00ed-strome\u010dky-s-dekorac\u00ed-od-v\u00fdrobce.jpg\"><img decoding=\"async\" loading=\"lazy\" class=\"alignleft size-full wp-image-1029\" title=\"Um\u011bl\u00e9 v\u00e1no\u010dn\u00ed strome\u010dky s dekorac\u00ed od v\u00fdrobce\" alt=\"Um\u011bl\u00e9 v\u00e1no\u010dn\u00ed strome\u010dky s dekorac\u00ed od v\u00fdrobce\" src=\"http:\/\/predmetyreklamni.eu\/vyrobce\/wp-content\/uploads\/Um\u011bl\u00e9-v\u00e1no\u010dn\u00ed-strome\u010dky-s-dekorac\u00ed-od-v\u00fdrobce.jpg\" width=\"300\" height=\"300\" srcset=\"https:\/\/predmetyreklamni.eu\/vyrobce\/wp-content\/uploads\/Um\u011bl\u00e9-v\u00e1no\u010dn\u00ed-strome\u010dky-s-dekorac\u00ed-od-v\u00fdrobce.jpg 300w, https:\/\/predmetyreklamni.eu\/vyrobce\/wp-content\/uploads\/Um\u011bl\u00e9-v\u00e1no\u010dn\u00ed-strome\u010dky-s-dekorac\u00ed-od-v\u00fdrobce-150x150.jpg 150w\" sizes=\"(max-width: 300px) 100vw, 300px\" \/><\/a><\/p>\n<p style=\"text-align: justify;\">Tyto um\u011bl\u00e9 v\u00e1no\u010dn\u00ed strome\u010dky mohou b\u00fdt od v\u00fdrobce ozdoben\u00e9 dekorac\u00ed s podob\u011b velk\u00fdch \u010derven\u00fdch kv\u011bt\u016f v\u00e1no\u010dn\u00ed hv\u011bzdy. Nav\u00edc m\u016f\u017ee b\u00fdt od v\u00fdrobce dod\u00e1n se sv\u011bt\u00fdlky a v\u00e1no\u010dn\u00ed strome\u010dky jsou upevn\u011bny v kv\u011btin\u00e1\u010di.<br \/>\n<strong>Polo\u017eka \u010d<\/strong>.: christmas_tree_007<br \/>\n<strong>Rozm\u011bry<\/strong>: v\u00fd\u0161ka 152cm<br \/>\n<strong>Cena<\/strong>: 1359,- K\u010d\/ks<br \/>\n<strong>Min. objedn\u00e1vka:<\/strong>\u00a050ks<br \/>\nJin\u00e9 mno\u017estv\u00ed?\u00a0<a title=\"ZASLAT POPT\u00c1VKU\" href=\"mailto:info@predmetyreklamni.eu\">ZASLAT POPT\u00c1VKU\u00a0<\/a><\/p>\n<h2 style=\"text-align: justify;\">Vysok\u00e9 um\u011bl\u00e9 v\u00e1no\u010dn\u00ed strome\u010dky od v\u00fdrobce<\/h2>\n<p style=\"text-align: justify;\"><a href=\"http:\/\/predmetyreklamni.eu\/vyrobce\/wp-content\/uploads\/vysok\u00e9-um\u011bl\u00e9-v\u00e1no\u010dn\u00ed-strome\u010dky-od-v\u00fdrobce.jpg\"><img decoding=\"async\" loading=\"lazy\" class=\"alignleft size-full wp-image-1031\" title=\"vysok\u00e9 um\u011bl\u00e9 v\u00e1no\u010dn\u00ed strome\u010dky od v\u00fdrobce\" alt=\"vysok\u00e9 um\u011bl\u00e9 v\u00e1no\u010dn\u00ed strome\u010dky od v\u00fdrobce\" src=\"http:\/\/predmetyreklamni.eu\/vyrobce\/wp-content\/uploads\/vysok\u00e9-um\u011bl\u00e9-v\u00e1no\u010dn\u00ed-strome\u010dky-od-v\u00fdrobce.jpg\" width=\"300\" height=\"300\" srcset=\"https:\/\/predmetyreklamni.eu\/vyrobce\/wp-content\/uploads\/vysok\u00e9-um\u011bl\u00e9-v\u00e1no\u010dn\u00ed-strome\u010dky-od-v\u00fdrobce.jpg 300w, https:\/\/predmetyreklamni.eu\/vyrobce\/wp-content\/uploads\/vysok\u00e9-um\u011bl\u00e9-v\u00e1no\u010dn\u00ed-strome\u010dky-od-v\u00fdrobce-150x150.jpg 150w\" sizes=\"(max-width: 300px) 100vw, 300px\" \/><\/a>Tyto vysok\u00e9 um\u011bl\u00e9 v\u00e1no\u010dn\u00ed strome\u010dky jsou vyrobeny z neho\u0159lav\u00e9ho PVC a mohou b\u00fdt od v\u00fdrobce dod\u00e1v\u00e1ny s LED sv\u011bt\u00fdlky a je vyroben ve stylu jedle. Vysok\u00e9 um\u011bl\u00e9 v\u00e1no\u010dn\u00ed stromky jsou dod\u00e1v\u00e1ny s kovov\u00fdm stojanem, kter\u00fd je balen zvl\u00e1\u0161\u0165. Um\u011bl\u00e9 v\u00e1no\u010dn\u00ed strome\u010dky s LED osv\u011btlen\u00edm u\u0161et\u0159\u00ed n\u00e1klady na elektrickou energii.<br \/>\n<strong>Polo\u017eka \u010d<\/strong>.: christmas_tree_008<br \/>\n<strong>Rozm\u011bry<\/strong>: v\u00fd\u0161ka 228 cm<br \/>\n<strong>Cena<\/strong>: 2599,- K\u010d\/ks<br \/>\n<strong>Min. objedn\u00e1vka:<\/strong>\u00a050ks<br \/>\nJin\u00e9 mno\u017estv\u00ed?\u00a0<a title=\"ZASLAT POPT\u00c1VKU\" href=\"mailto:info@predmetyreklamni.eu\">ZASLAT POPT\u00c1VKU\u00a0<\/a><\/p>\n<h2 style=\"text-align: justify;\">Um\u011bl\u00e9 v\u00e1no\u010dn\u00ed strome\u010dky s optick\u00fdm vl\u00e1knem od v\u00fdrobce<\/h2>\n<p style=\"text-align: justify;\"><a href=\"http:\/\/predmetyreklamni.eu\/vyrobce\/wp-content\/uploads\/Um\u011bl\u00e9-v\u00e1no\u010dn\u00ed-strome\u010dky-s-um\u011bl\u00fdm-vl\u00e1knem-od-v\u00fdrobce.jpg\"><img decoding=\"async\" loading=\"lazy\" class=\"alignleft size-medium wp-image-1034\" title=\"Um\u011bl\u00e9 v\u00e1no\u010dn\u00ed strome\u010dky s um\u011bl\u00fdm vl\u00e1knem od v\u00fdrobce\" alt=\"Um\u011bl\u00e9 v\u00e1no\u010dn\u00ed strome\u010dky s um\u011bl\u00fdm vl\u00e1knem od v\u00fdrobce\" src=\"http:\/\/predmetyreklamni.eu\/vyrobce\/wp-content\/uploads\/Um\u011bl\u00e9-v\u00e1no\u010dn\u00ed-strome\u010dky-s-um\u011bl\u00fdm-vl\u00e1knem-od-v\u00fdrobce-300x300.jpg\" width=\"300\" height=\"300\" srcset=\"https:\/\/predmetyreklamni.eu\/vyrobce\/wp-content\/uploads\/Um\u011bl\u00e9-v\u00e1no\u010dn\u00ed-strome\u010dky-s-um\u011bl\u00fdm-vl\u00e1knem-od-v\u00fdrobce-300x300.jpg 300w, https:\/\/predmetyreklamni.eu\/vyrobce\/wp-content\/uploads\/Um\u011bl\u00e9-v\u00e1no\u010dn\u00ed-strome\u010dky-s-um\u011bl\u00fdm-vl\u00e1knem-od-v\u00fdrobce-150x150.jpg 150w, https:\/\/predmetyreklamni.eu\/vyrobce\/wp-content\/uploads\/Um\u011bl\u00e9-v\u00e1no\u010dn\u00ed-strome\u010dky-s-um\u011bl\u00fdm-vl\u00e1knem-od-v\u00fdrobce.jpg 600w\" sizes=\"(max-width: 300px) 100vw, 300px\" \/><\/a><\/p>\n<p style=\"text-align: justify;\">Pro tyto um\u011bl\u00e9 v\u00e1no\u010dn\u00ed strome\u010dky s optick\u00fdm vl\u00e1knem, kter\u00e9 p\u0159edstavuje borov\u00e9 \u0161i\u0161ky a bobule stromu. Um\u011bl\u00e9 v\u00e1no\u010dn\u00ed strome\u010dky jsou vyrobeny se stovkami z\u00e1\u0159\u00edc\u00edch LED sv\u011bt\u00e9lek, kter\u00e9 maj\u00ed dlouhou \u017eivotnost. Um\u011bl\u00e9 v\u00e1no\u010dn\u00ed strome\u010dky jsou dod\u00e1v\u00e1ny od v\u00fdrobce s kovov\u00fdm stojanem, kter\u00fd je balen zvl\u00e1\u0161\u0165.<br \/>\n<strong>Polo\u017eka \u010d<\/strong>.: christmas_tree_009<br \/>\n<strong>Rozm\u011bry<\/strong>: v\u00fd\u0161ka 213cm<br \/>\n<strong>Cena<\/strong>: 2199,- K\u010d\/ks<br \/>\n<strong>Min. objedn\u00e1vka:<\/strong>\u00a050ks<br \/>\nJin\u00e9 mno\u017estv\u00ed?\u00a0<a title=\"ZASLAT POPT\u00c1VKU\" href=\"mailto:info@predmetyreklamni.eu\">ZASLAT POPT\u00c1VKU\u00a0<\/a><\/p>\n<h2 style=\"text-align: justify;\">Um\u011bl\u00e9 v\u00e1no\u010dn\u00ed strome\u010dky na st\u016fl p\u0159\u00edmo od v\u00fdrobce<\/h2>\n<h2 style=\"text-align: justify;\"><a href=\"http:\/\/predmetyreklamni.eu\/vyrobce\/wp-content\/uploads\/um\u011bl\u00e9-v\u00e1no\u010dn\u00ed-strome\u010dky-na-st\u016fl.jpg\"><img decoding=\"async\" loading=\"lazy\" class=\"alignleft size-medium wp-image-1037\" title=\"um\u011bl\u00e9 v\u00e1no\u010dn\u00ed strome\u010dky na st\u016fl\" alt=\"um\u011bl\u00e9 v\u00e1no\u010dn\u00ed strome\u010dky na st\u016fl\" src=\"http:\/\/predmetyreklamni.eu\/vyrobce\/wp-content\/uploads\/um\u011bl\u00e9-v\u00e1no\u010dn\u00ed-strome\u010dky-na-st\u016fl-300x300.jpg\" width=\"300\" height=\"300\" srcset=\"https:\/\/predmetyreklamni.eu\/vyrobce\/wp-content\/uploads\/um\u011bl\u00e9-v\u00e1no\u010dn\u00ed-strome\u010dky-na-st\u016fl-300x300.jpg 300w, https:\/\/predmetyreklamni.eu\/vyrobce\/wp-content\/uploads\/um\u011bl\u00e9-v\u00e1no\u010dn\u00ed-strome\u010dky-na-st\u016fl-150x150.jpg 150w, https:\/\/predmetyreklamni.eu\/vyrobce\/wp-content\/uploads\/um\u011bl\u00e9-v\u00e1no\u010dn\u00ed-strome\u010dky-na-st\u016fl.jpg 600w\" sizes=\"(max-width: 300px) 100vw, 300px\" \/><\/a><\/h2>\n<p style=\"text-align: justify;\">Tyto mini um\u011bl\u00e9 v\u00e1no\u010dn\u00ed strome\u010dky jsou od v\u00fdrobce vyrobeny, tak aby jejich velikost byla vhodn\u00e1 na st\u016fl, poli\u010dku. Um\u011bl\u00e9 v\u00e1no\u010dn\u00ed strome\u010dky na st\u016fl v\u00fdrobce nazdob\u00ed nap\u0159\u00edklad zvone\u010dkem, ma\u0161li\u010dkami s b\u00edl\u00e9 tkaniny a jsou dod\u00e1van\u00e9 s d\u0159ev\u011bn\u00fdm stoj\u00e1nkem.<br \/>\n<strong>Polo\u017eka \u010d<\/strong>.: christmas_tree_010<br \/>\n<strong>Rozm\u011bry<\/strong>: v\u00fd\u0161ka 30 cm<br \/>\n<strong>Cena<\/strong>: 899,- K\u010d\/ks<br \/>\n<strong>Min. objedn\u00e1vka:<\/strong>\u00a0100ks<br \/>\nJin\u00e9 mno\u017estv\u00ed?\u00a0<a title=\"ZASLAT POPT\u00c1VKU\" href=\"mailto:info@predmetyreklamni.eu\">ZASLAT POPT\u00c1VKU\u00a0<\/a><\/p>\n<h2 style=\"text-align: justify;\">Um\u011bl\u00e9 v\u00e1no\u010dn\u00ed strome\u010dky s ozdobami od v\u00fdrobce<\/h2>\n<p style=\"text-align: justify;\"><a href=\"http:\/\/predmetyreklamni.eu\/vyrobce\/wp-content\/uploads\/um\u011bl\u00e9-v\u00e1no\u010dn\u00ed-strome\u010dky-s-ozdobami.jpg\"><img decoding=\"async\" loading=\"lazy\" class=\"alignleft size-medium wp-image-1039\" title=\"um\u011bl\u00e9 v\u00e1no\u010dn\u00ed strome\u010dky s ozdobami od v\u00fdrobce\" alt=\"um\u011bl\u00e9 v\u00e1no\u010dn\u00ed strome\u010dky s ozdobami od v\u00fdrobce\" src=\"http:\/\/predmetyreklamni.eu\/vyrobce\/wp-content\/uploads\/um\u011bl\u00e9-v\u00e1no\u010dn\u00ed-strome\u010dky-s-ozdobami-300x300.jpg\" width=\"300\" height=\"300\" srcset=\"https:\/\/predmetyreklamni.eu\/vyrobce\/wp-content\/uploads\/um\u011bl\u00e9-v\u00e1no\u010dn\u00ed-strome\u010dky-s-ozdobami-300x300.jpg 300w, https:\/\/predmetyreklamni.eu\/vyrobce\/wp-content\/uploads\/um\u011bl\u00e9-v\u00e1no\u010dn\u00ed-strome\u010dky-s-ozdobami-150x150.jpg 150w, https:\/\/predmetyreklamni.eu\/vyrobce\/wp-content\/uploads\/um\u011bl\u00e9-v\u00e1no\u010dn\u00ed-strome\u010dky-s-ozdobami.jpg 600w\" sizes=\"(max-width: 300px) 100vw, 300px\" \/><\/a>Tyto um\u011bl\u00e9 v\u00e1no\u010dn\u00ed strome\u010dky s ozdobami jsou vyrobeny z neho\u0159lav\u00e9ho PVC, maj\u00ed st\u00e1lou barvu a jsou velice stabiln\u00ed a odoln\u00e9 v\u016f\u010di zni\u010den\u00ed. \u00a0Um\u011bl\u00e9 v\u00e1no\u010dn\u00ed strome\u010dky m\u016f\u017ee v\u00fdrobce doplnit ozdobami a a maj\u00ed velice kvalitn\u00ed dr\u00e1t\u011bnou konstrukci, tak\u017ee V\u00e1m vydr\u017e\u00ed dlouh\u00e1 l\u00e9ta.<br \/>\n<strong>Polo\u017eka \u010d<\/strong>.: christmas_tree_011<br \/>\n<strong>Rozm\u011bry<\/strong>: v\u00fd\u0161ka 90 cm<br \/>\n<strong>Cena<\/strong>: 1199,- K\u010d\/ks<br \/>\n<strong>Min. objedn\u00e1vka:<\/strong>\u00a050ks<br \/>\nJin\u00e9 mno\u017estv\u00ed?\u00a0<a title=\"ZASLAT POPT\u00c1VKU\" href=\"mailto:info@predmetyreklamni.eu\">ZASLAT POPT\u00c1VKU\u00a0<\/a><\/p>\n<h2 style=\"text-align: justify;\">Um\u011bl\u00e9 v\u00e1no\u010dn\u00ed mini strome\u010dky p\u0159\u00edmo od v\u00fdrobce<\/h2>\n<p style=\"text-align: justify;\"><a href=\"http:\/\/predmetyreklamni.eu\/vyrobce\/wp-content\/uploads\/um\u011bl\u00e9-v\u00e1no\u010dn\u00ed-mini-strome\u010dky-p\u0159\u00edmo-od-v\u00fdrobce.jpg\"><img decoding=\"async\" loading=\"lazy\" class=\"alignleft size-medium wp-image-1041\" title=\"um\u011bl\u00e9 v\u00e1no\u010dn\u00ed mini strome\u010dky p\u0159\u00edmo od v\u00fdrobce\" alt=\"um\u011bl\u00e9 v\u00e1no\u010dn\u00ed mini strome\u010dky p\u0159\u00edmo od v\u00fdrobce\" src=\"http:\/\/predmetyreklamni.eu\/vyrobce\/wp-content\/uploads\/um\u011bl\u00e9-v\u00e1no\u010dn\u00ed-mini-strome\u010dky-p\u0159\u00edmo-od-v\u00fdrobce-300x300.jpg\" width=\"300\" height=\"300\" srcset=\"https:\/\/predmetyreklamni.eu\/vyrobce\/wp-content\/uploads\/um\u011bl\u00e9-v\u00e1no\u010dn\u00ed-mini-strome\u010dky-p\u0159\u00edmo-od-v\u00fdrobce-300x300.jpg 300w, https:\/\/predmetyreklamni.eu\/vyrobce\/wp-content\/uploads\/um\u011bl\u00e9-v\u00e1no\u010dn\u00ed-mini-strome\u010dky-p\u0159\u00edmo-od-v\u00fdrobce-150x150.jpg 150w, https:\/\/predmetyreklamni.eu\/vyrobce\/wp-content\/uploads\/um\u011bl\u00e9-v\u00e1no\u010dn\u00ed-mini-strome\u010dky-p\u0159\u00edmo-od-v\u00fdrobce.jpg 600w\" sizes=\"(max-width: 300px) 100vw, 300px\" \/><\/a><strong><\/strong><\/p>\n<p style=\"text-align: justify;\">Na\u0161e um\u011bl\u00e9 v\u00e1no\u010dn\u00ed mini strome\u010dky jsou od v\u00fdrobce dod\u00e1v\u00e1ny s mal\u00fdmi borov\u00fdmi \u0161i\u0161kami a \u010derven\u00fdmi ma\u0161li\u010dkami, dal\u0161\u00edmi dekorativn\u00edm plastov\u00fdm p\u0159edm\u011bty a s plastov\u00fdm podstavcem. Um\u011bl\u00e9 v\u00e1no\u010dn\u00ed mini strome\u010dky od v\u00fdrobce jsou ide\u00e1ln\u00ed na v\u00e1no\u010dn\u00ed st\u016fl.<br \/>\n<strong>Polo\u017eka \u010d<\/strong>.: christmas_tree_012<br \/>\n<strong>Rozm\u011bry<\/strong>: v\u00fd\u0161ka 30 cm<br \/>\n<strong>Cena<\/strong>: 899,- K\u010d\/ks<br \/>\n<strong>Min. objedn\u00e1vka:<\/strong>\u00a0100ks<br \/>\nJin\u00e9 mno\u017estv\u00ed?\u00a0<a title=\"ZASLAT POPT\u00c1VKU\" href=\"mailto:info@predmetyreklamni.eu\">ZASLAT POPT\u00c1VKU\u00a0<\/a><\/p>\n<h2 style=\"text-align: justify;\">Um\u011bl\u00e9 v\u00e1no\u010dn\u00ed strome\u010dky historie<\/h2>\n<p style=\"text-align: justify;\">V \u010dase V\u00e1noc, kdy zdob\u00edme sv\u00e1 obydl\u00ed a v\u00e1no\u010dn\u00ed strome\u010dky je tento ritu\u00e1l u\u017e tradic\u00ed, kter\u00e1 p\u0159etrv\u00e1v\u00e1 ji\u017e stolet\u00ed. \u00a0Symbol &#8211; v\u00e1no\u010dn\u00ed strome\u010dky jsou \u010dasto vysv\u011btlov\u00e1ny jako christianizace pohansk\u00e9 tradice a ritu\u00e1l kolem zimn\u00edho slunovratu, kter\u00fd zahrnoval pou\u017eit\u00ed st\u00e1le zelen\u00fdch v\u011btv\u00ed a adaptace pohansk\u00e9ho uct\u00edv\u00e1n\u00ed stromu.<\/p>\n<p>Zaujali V\u00e1s um\u011bl\u00e9 v\u00e1no\u010dn\u00ed strome\u010dky a chcete si je nechat vyrobit p\u0159\u00edmo od v\u00fdrobce? Kontaktujte n\u00e1s pro cenovou nab\u00eddku na emailu:<a href=\"mailto:info@predmetyreklamni.eu\">\u00a0info@predmetyreklamni.eu<\/a><\/p>\n<p style=\"text-align: justify;\"><strong>Do cenov\u00e9 popt\u00e1vky pros\u00edm uve\u010fte pot\u0159ebn\u00e9 informace pro cenovou nab\u00eddku jako<\/strong>: mno\u017estv\u00ed, materi\u00e1l, tvar, barevn\u00e9 proveden\u00ed nebo kombinaci barev, dobu dod\u00e1n\u00ed. V\u0161echny tyto informace n\u00e1m pomohou k rychlej\u0161\u00edmu zpracov\u00e1n\u00ed cenov\u00e9 nab\u00eddky pr\u00e1v\u011b pro V\u00e1s.<\/p>\n<p>T\u011b\u0161\u00edme se na spolupr\u00e1ci! Team Gifts Service<\/p>\n","protected":false},"excerpt":{"rendered":"<p>UM\u011aL\u00c9 V\u00c1NO\u010cN\u00cd STROME\u010cKY V\u00ddROBCE Um\u011bl\u00e9 v\u00e1no\u010dn\u00ed strome\u010dky v\u00fdrobce V\u00e1no\u010dn\u00ed strome\u010dky a jejich zdoben\u00ed jsou ned\u00edlnou sou\u010d\u00e1st\u00ed oslav V\u00e1noc. Chcete si vyzdobit prostory firmy a m\u00edt na V\u00e1noce um\u011bl\u00e9 v\u00e1no\u010dn\u00ed strome\u010dky p\u0159esn\u011b dle Va\u0161ich p\u0159edstav? \u0158e\u0161en\u00edm jsou um\u011bl\u00e9 v\u00e1no\u010dn\u00ed strome\u010dky p\u0159\u00edmo &hellip; <a href=\"https:\/\/predmetyreklamni.eu\/vyrobce\/umele-vanocni-stromecky-vyrobce\/\">Continue reading <span class=\"meta-nav\">&rarr;<\/span><\/a><\/p>\n","protected":false},"author":1,"featured_media":0,"parent":0,"menu_order":20,"comment_status":"closed","ping_status":"open","template":"sidebar-page.php","meta":[],"_links":{"self":[{"href":"https:\/\/predmetyreklamni.eu\/vyrobce\/wp-json\/wp\/v2\/pages\/891"}],"collection":[{"href":"https:\/\/predmetyreklamni.eu\/vyrobce\/wp-json\/wp\/v2\/pages"}],"about":[{"href":"https:\/\/predmetyreklamni.eu\/vyrobce\/wp-json\/wp\/v2\/types\/page"}],"author":[{"embeddable":true,"href":"https:\/\/predmetyreklamni.eu\/vyrobce\/wp-json\/wp\/v2\/users\/1"}],"replies":[{"embeddable":true,"href":"https:\/\/predmetyreklamni.eu\/vyrobce\/wp-json\/wp\/v2\/comments?post=891"}],"version-history":[{"count":27,"href":"https:\/\/predmetyreklamni.eu\/vyrobce\/wp-json\/wp\/v2\/pages\/891\/revisions"}],"predecessor-version":[{"id":1013,"href":"https:\/\/predmetyreklamni.eu\/vyrobce\/wp-json\/wp\/v2\/pages\/891\/revisions\/1013"}],"wp:attachment":[{"href":"https:\/\/predmetyreklamni.eu\/vyrobce\/wp-json\/wp\/v2\/media?parent=891"}],"curies":[{"name":"wp","href":"https:\/\/api.w.org\/{rel}","templated":true}]}}