{"id":897,"date":"2013-04-17T14:21:49","date_gmt":"2013-04-17T14:21:49","guid":{"rendered":"http:\/\/predmetyreklamni.eu\/vyrobce\/?page_id=897"},"modified":"2014-03-13T17:06:01","modified_gmt":"2014-03-13T17:06:01","slug":"vanocni-ozdoby-zakazkova-vyroba","status":"publish","type":"page","link":"https:\/\/predmetyreklamni.eu\/vyrobce\/vanocni-ozdoby-zakazkova-vyroba\/","title":{"rendered":"V\u00e1no\u010dn\u00ed ozdoby zak\u00e1zkov\u00e1 v\u00fdroba"},"content":{"rendered":"<h1>V\u00c1NO\u010cN\u00cd OZDOBY ZAK\u00c1ZKOV\u00c1 V\u00ddROBA<\/h1>\n<h2>V\u00e1no\u010dn\u00ed ozdoby zak\u00e1zkov\u00e1 v\u00fdroba<\/h2>\n<p style=\"text-align: justify;\">V\u00e1no\u010dn\u00ed ozdoby\u00a0nab\u00edz\u00ed velmi \u0161irok\u00fd v\u00fdb\u011br a jejich zak\u00e1zkov\u00e1 v\u00fdroba tento <a href=\"http:\/\/predmetyreklamni.eu\/vyrobce\/wp-content\/uploads\/v\u00e1no\u010dn\u00ed-ozdoby-zak\u00e1zkov\u00e1-v\u00fdroba.jpg\"><img decoding=\"async\" loading=\"lazy\" class=\"alignright size-thumbnail wp-image-907\" title=\"v\u00e1no\u010dn\u00ed ozdoby zak\u00e1zkov\u00e1 v\u00fdroba\" alt=\"v\u00e1no\u010dn\u00ed ozdoby zak\u00e1zkov\u00e1 v\u00fdroba\" src=\"http:\/\/predmetyreklamni.eu\/vyrobce\/wp-content\/uploads\/v\u00e1no\u010dn\u00ed-ozdoby-zak\u00e1zkov\u00e1-v\u00fdroba-150x150.jpg\" width=\"150\" height=\"150\" \/><\/a>v\u00fdb\u011br nav\u00edc roz\u0161i\u0159uje.\u00a0V\u00e1no\u010dn\u00ed ozdoby\u00a0mohou b\u00fdt vyroben\u00e9 ze skla, kovu, d\u0159eva, \u00a0keramiky nebo p\u0159\u00edrodn\u00edch materi\u00e1l\u016f. Zak\u00e1zkov\u00e1 v\u00fdroba t\u00e9\u017e zajist\u00ed v\u00e1no\u010dn\u00ed ozdoby v jak\u00e9koliv barv\u011b a tvaru. V\u00e1no\u010dn\u00ed ozdoby b\u00fdvaj\u00ed nej\u010dast\u011bji v barv\u00e1ch: zlat\u00e1, st\u0159\u00edbrn\u00e1, \u010derven\u00e1, modr\u00e1 nebo zelen\u00e1, ale samoz\u0159ejm\u011b mohou b\u00fdt v jak\u00e9koliv jin\u00e9 barv\u011b. V\u00e1no\u010dn\u00ed ozdoby se pou\u017e\u00edvaj\u00ed pro zkr\u00e1\u0161len\u00ed v\u00e1no\u010dn\u00edho strome\u010dku a cel\u00e9ho domova v dob\u011b V\u00e1noc.\u00a0V\u00e1no\u010dn\u00ed ozdoby mohou\u00a0m\u00edt mnoho podob &#8211; od jednoduch\u00e9 mal\u00e9 ba\u0148ky po velmi slo\u017eit\u00e9 a komplexn\u00ed ozdoby.<\/p>\n<p style=\"text-align: justify;\">Na\u0161\u00edm oborem je zak\u00e1zkov\u00e1 v\u00fdroba v\u00e1no\u010dn\u00ed ozdoby a zastupujeme p\u0159\u00edmo v\u00fdrobce. Na\u0161e zak\u00e1zkov\u00e1 v\u00fdroba v\u00e1no\u010dn\u00ed ozdoby zahrnuje v\u0161e,\u00a0co si jen dovedete p\u0159edstavit &#8211; v\u00e1no\u010dn\u00ed ozdoby s motivy sn\u011bhu, strome\u010dku, zvone\u010dku, hv\u011bzdi\u010dky, vlo\u010dky, sv\u00ed\u010dky a mnoho mnoho dal\u0161\u00edch. Samoz\u0159ejm\u011b nesm\u00edme zapomenout na klasick\u00e9 v\u00e1no\u010dn\u00ed ozdoby kouli\u010dky a ba\u0148ky Zak\u00e1zkov\u00e1 v\u00fdroba nab\u00edz\u00ed opravdu \u0161irokou nab\u00eddku a proto se p\u0159i v\u00fdrob\u011b v\u00e1no\u010dn\u00ed ozdoby meze t\u00e9m\u011b\u0159 nekladou.<\/p>\n<p style=\"text-align: justify;\"><a href=\"http:\/\/predmetyreklamni.eu\/vyrobce\/wp-content\/uploads\/v\u00e1no\u010dn\u00ed-ozdoby-z-p\u0159\u00edrodn\u00edch-materi\u00e1l\u016f-zak\u00e1zkov\u00e1-v\u00fdroba.jpg\"><img decoding=\"async\" loading=\"lazy\" class=\"alignleft  wp-image-910\" title=\"v\u00e1no\u010dn\u00ed ozdoby z p\u0159\u00edrodn\u00edch materi\u00e1l\u016f zak\u00e1zkov\u00e1 v\u00fdroba\" alt=\"v\u00e1no\u010dn\u00ed ozdoby z p\u0159\u00edrodn\u00edch materi\u00e1l\u016f zak\u00e1zkov\u00e1 v\u00fdroba\" src=\"http:\/\/predmetyreklamni.eu\/vyrobce\/wp-content\/uploads\/v\u00e1no\u010dn\u00ed-ozdoby-z-p\u0159\u00edrodn\u00edch-materi\u00e1l\u016f-zak\u00e1zkov\u00e1-v\u00fdroba-300x144.jpg\" width=\"240\" height=\"115\" srcset=\"https:\/\/predmetyreklamni.eu\/vyrobce\/wp-content\/uploads\/v\u00e1no\u010dn\u00ed-ozdoby-z-p\u0159\u00edrodn\u00edch-materi\u00e1l\u016f-zak\u00e1zkov\u00e1-v\u00fdroba-300x144.jpg 300w, https:\/\/predmetyreklamni.eu\/vyrobce\/wp-content\/uploads\/v\u00e1no\u010dn\u00ed-ozdoby-z-p\u0159\u00edrodn\u00edch-materi\u00e1l\u016f-zak\u00e1zkov\u00e1-v\u00fdroba.jpg 491w\" sizes=\"(max-width: 240px) 100vw, 240px\" \/><\/a><\/p>\n<p style=\"text-align: justify;\"><a href=\"http:\/\/predmetyreklamni.eu\/vyrobce\/wp-content\/uploads\/v\u00e1no\u010dn\u00ed-ozdoby-zak\u00e1zkov\u00e1-v\u00fdroba-balen\u00ed.jpg\"><img decoding=\"async\" loading=\"lazy\" class=\"alignleft  wp-image-911\" title=\"v\u00e1no\u010dn\u00ed ozdoby zak\u00e1zkov\u00e1 v\u00fdroba balen\u00ed\" alt=\"v\u00e1no\u010dn\u00ed ozdoby zak\u00e1zkov\u00e1 v\u00fdroba balen\u00ed\" src=\"http:\/\/predmetyreklamni.eu\/vyrobce\/wp-content\/uploads\/v\u00e1no\u010dn\u00ed-ozdoby-zak\u00e1zkov\u00e1-v\u00fdroba-balen\u00ed-300x148.jpg\" width=\"240\" height=\"118\" srcset=\"https:\/\/predmetyreklamni.eu\/vyrobce\/wp-content\/uploads\/v\u00e1no\u010dn\u00ed-ozdoby-zak\u00e1zkov\u00e1-v\u00fdroba-balen\u00ed-300x148.jpg 300w, https:\/\/predmetyreklamni.eu\/vyrobce\/wp-content\/uploads\/v\u00e1no\u010dn\u00ed-ozdoby-zak\u00e1zkov\u00e1-v\u00fdroba-balen\u00ed.jpg 462w\" sizes=\"(max-width: 240px) 100vw, 240px\" \/><\/a><\/p>\n<p style=\"text-align: justify;\">Zaujala V\u00e1s zak\u00e1zkov\u00e1 v\u00fdroba v\u00e1no\u010dn\u00ed ozdoby a chcete jako v\u00e1no\u010dn\u00ed d\u00e1rek pro sv\u00e9 z\u00e1kazn\u00edky v\u00e1no\u010dn\u00ed ozdoby? Kontaktujete n\u00e1s pro cenovou nab\u00eddku &#8211; <a title=\"kontaktujte n\u00e1s\" href=\"mailto:info@predmetyreklamni.eu\">info@predmetyreklamni.eu<\/a><\/p>\n<h2 style=\"text-align: justify;\">Zak\u00e1zkov\u00e1 v\u00fdroba kvalita\u00a0v\u00e1no\u010dn\u00ed ozdoby<\/h2>\n<p style=\"text-align: justify;\">Zak\u00e1zkov\u00e1 v\u00fdroba v\u00e1no\u010dn\u00ed ozdoby je schopn\u00e1 pro V\u00e1s vyrobit v\u00edcem\u00e9n\u011b cokoliv si navrhnete. Zak\u00e1zkov\u00e1 v\u00fdroba v\u00e1no\u010dn\u00ed ozdoby je pro n\u00e1s v\u00fdznamn\u00fdch obchodn\u00edm artiklem ji\u017e od roku 2003. Na\u0161e firma disponuje p\u0159\u00edm\u00fdmi kontakty na zak\u00e1zkovou v\u00fdrobu a d\u00edky nasb\u00edran\u00fdm zku\u0161enostem zvl\u00e1d\u00e1me neust\u00e1le zkvalit\u0148ovat na\u0161e slu\u017eby a vyv\u00edjet technologie pro nov\u00e9 produkty.\u00a0Na\u0161e zak\u00e1zkov\u00e1 v\u00fdroba v\u00e1no\u010dn\u00ed ozdoby nab\u00edz\u00ed \u0161irok\u00fd sortiment a douf\u00e1me, \u017ee v n\u00ed najdete to, co hled\u00e1te. Abychom zajistili, \u017ee se k V\u00e1m dostanou pouze kvalitn\u00ed v\u00e1no\u010dn\u00ed ozdoby, na\u0161i kmenov\u00fd zam\u011bstnanci v m\u00edst\u011b, kde prob\u00edh\u00e1 zak\u00e1zkov\u00e1 v\u00fdroba v\u00e1no\u010dn\u00ed ozdoby prov\u00e1d\u00ed kontrolu v\u00fdrobk\u016f p\u0159ed odesl\u00e1n\u00edm k z\u00e1kazn\u00edkovi. Kontrola prob\u00edh\u00e1 t\u00e9\u017e u vstupn\u00edch materi\u00e1l\u016f, je\u0161t\u011b ne\u017e je zapo\u010data zak\u00e1zkov\u00e1 v\u00fdroba v\u00e1no\u010dn\u00ed ozdoby.<\/p>\n<p><a href=\"http:\/\/predmetyreklamni.eu\/vyrobce\/wp-content\/uploads\/v\u00e1no\u010dn\u00ed-ozdoby-kouli\u010dky-zak\u00e1zkov\u00e1-v\u00fdroba.jpg\"><img decoding=\"async\" loading=\"lazy\" class=\"alignleft  wp-image-918\" title=\"v\u00e1no\u010dn\u00ed ozdoby kouli\u010dky zak\u00e1zkov\u00e1 v\u00fdroba\" alt=\"v\u00e1no\u010dn\u00ed ozdoby kouli\u010dky zak\u00e1zkov\u00e1 v\u00fdroba\" src=\"http:\/\/predmetyreklamni.eu\/vyrobce\/wp-content\/uploads\/v\u00e1no\u010dn\u00ed-ozdoby-kouli\u010dky-zak\u00e1zkov\u00e1-v\u00fdroba-300x181.jpg\" width=\"197\" height=\"119\" srcset=\"https:\/\/predmetyreklamni.eu\/vyrobce\/wp-content\/uploads\/v\u00e1no\u010dn\u00ed-ozdoby-kouli\u010dky-zak\u00e1zkov\u00e1-v\u00fdroba-300x181.jpg 300w, https:\/\/predmetyreklamni.eu\/vyrobce\/wp-content\/uploads\/v\u00e1no\u010dn\u00ed-ozdoby-kouli\u010dky-zak\u00e1zkov\u00e1-v\u00fdroba-495x300.jpg 495w, https:\/\/predmetyreklamni.eu\/vyrobce\/wp-content\/uploads\/v\u00e1no\u010dn\u00ed-ozdoby-kouli\u010dky-zak\u00e1zkov\u00e1-v\u00fdroba.jpg 500w\" sizes=\"(max-width: 197px) 100vw, 197px\" \/><\/a><a href=\"http:\/\/predmetyreklamni.eu\/vyrobce\/wp-content\/uploads\/v\u00e1no\u010dn\u00ed-ozdoby-zvone\u010dek-zak\u00e1zkov\u00e1-v\u00fdroba.jpg\"><img decoding=\"async\" loading=\"lazy\" class=\"alignleft  wp-image-919\" title=\"v\u00e1no\u010dn\u00ed ozdoby zvone\u010dek zak\u00e1zkov\u00e1 v\u00fdroba\" alt=\"v\u00e1no\u010dn\u00ed ozdoby zvone\u010dek zak\u00e1zkov\u00e1 v\u00fdroba\" src=\"http:\/\/predmetyreklamni.eu\/vyrobce\/wp-content\/uploads\/v\u00e1no\u010dn\u00ed-ozdoby-zvone\u010dek-zak\u00e1zkov\u00e1-v\u00fdroba-300x150.jpg\" width=\"243\" height=\"122\" srcset=\"https:\/\/predmetyreklamni.eu\/vyrobce\/wp-content\/uploads\/v\u00e1no\u010dn\u00ed-ozdoby-zvone\u010dek-zak\u00e1zkov\u00e1-v\u00fdroba-300x150.jpg 300w, https:\/\/predmetyreklamni.eu\/vyrobce\/wp-content\/uploads\/v\u00e1no\u010dn\u00ed-ozdoby-zvone\u010dek-zak\u00e1zkov\u00e1-v\u00fdroba.jpg 412w\" sizes=\"(max-width: 243px) 100vw, 243px\" \/><\/a><\/p>\n<h2>V\u00e1no\u010dn\u00ed ozdoby zak\u00e1zkov\u00e1 v\u00fdroba historie<\/h2>\n<p style=\"text-align: justify;\">Snad v ka\u017ed\u00e9 dom\u00e1cnosti m\u016f\u017eete naj\u00edt v\u00e1no\u010dn\u00ed ozdoby a ka\u017ed\u00e1 rodina m\u00e1 svou vlastn\u00ed unik\u00e1tn\u00ed sb\u00edrku\u00a0v\u00e1no\u010dn\u00edch ozdob, ve kter\u00e9 najdeme\u00a0v\u00e1no\u010dn\u00ed ozdoby\u00a0po babi\u010dce,\u00a0v\u00e1no\u010dn\u00ed ozdoby, kter\u00e9 vyrobily Va\u0161e d\u011bti i\u00a0v\u00e1no\u010dn\u00ed ozdoby nov\u00e9\u00a0koupen\u00e9 v obchod\u011b. Mnoho ozdob se p\u0159ed\u00e1v\u00e1 i z generace na generaci. \u00a0Modern\u00ed\u00a0v\u00e1no\u010dn\u00ed ozdoby\u00a0se za\u010daly pou\u017e\u00edvat v mal\u00e9m n\u011bmeck\u00e9m m\u011bste\u010dku jm\u00e9nem Lauscha n\u011bkdy v polovin\u011b 19. stolet\u00ed. Z N\u011bmecka se tato tradice roz\u0161\u00ed\u0159ila nejprve do Velk\u00e9 Brit\u00e1nie a pot\u00e9 do zbytku sv\u011bta. Velmi zn\u00e1m\u00fd je obr\u00e1zek kr\u00e1lovny Viktorie s rodinou a v\u00e1no\u010dn\u00edm strome\u010dkem, kter\u00fd po sv\u00e9m oti\u0161t\u011bn\u00ed ve Spojen\u00fdch st\u00e1tech velmi napomohl obl\u00edbenosti v\u00e1no\u010dn\u00edho strome\u010dku a jeho zdoben\u00ed.\u00a0V\u00e1no\u010dn\u00ed ozdoby\u00a0se od t\u00e9 doby hodn\u011b zm\u011bnily, a tak krom\u011b ovoce, figurek zv\u00ed\u0159\u00e1tek nebo vlo\u010dek pou\u017e\u00edv\u00e1me sklen\u011bn\u00e9 v\u00e1no\u010dn\u00ed ozdoby nebo r\u016fzn\u00e9 sv\u011bteln\u00e9 dekorace.<\/p>\n<p style=\"text-align: justify;\"><a href=\"http:\/\/predmetyreklamni.eu\/vyrobce\/wp-content\/uploads\/zak\u00e1zkov\u00e1-v\u00fdroba-v\u00e1no\u010dn\u00ed-ozdoby-kvalita.jpg\"><img decoding=\"async\" loading=\"lazy\" class=\"size-full wp-image-924 alignleft\" title=\"zak\u00e1zkov\u00e1 v\u00fdroba v\u00e1no\u010dn\u00ed ozdoby kvalita\" alt=\"zak\u00e1zkov\u00e1 v\u00fdroba v\u00e1no\u010dn\u00ed ozdoby kvalita\" src=\"http:\/\/predmetyreklamni.eu\/vyrobce\/wp-content\/uploads\/zak\u00e1zkov\u00e1-v\u00fdroba-v\u00e1no\u010dn\u00ed-ozdoby-kvalita.jpg\" width=\"140\" height=\"140\" \/><\/a><span style=\"text-align: justify;\"><a href=\"http:\/\/predmetyreklamni.eu\/vyrobce\/wp-content\/uploads\/v\u00e1no\u010dn\u00ed-ozdoboy-kouli\u010dky-na-zak\u00e1zku.jpg\"><img decoding=\"async\" loading=\"lazy\" class=\"wp-image-973 alignleft\" title=\"v\u00e1no\u010dn\u00ed ozdoboy kouli\u010dky na zak\u00e1zku\" alt=\"v\u00e1no\u010dn\u00ed ozdoboy kouli\u010dky na zak\u00e1zku\" src=\"http:\/\/predmetyreklamni.eu\/vyrobce\/wp-content\/uploads\/v\u00e1no\u010dn\u00ed-ozdoboy-kouli\u010dky-na-zak\u00e1zku.jpg\" width=\"145\" height=\"145\" srcset=\"https:\/\/predmetyreklamni.eu\/vyrobce\/wp-content\/uploads\/v\u00e1no\u010dn\u00ed-ozdoboy-kouli\u010dky-na-zak\u00e1zku.jpg 432w, https:\/\/predmetyreklamni.eu\/vyrobce\/wp-content\/uploads\/v\u00e1no\u010dn\u00ed-ozdoboy-kouli\u010dky-na-zak\u00e1zku-150x150.jpg 150w, https:\/\/predmetyreklamni.eu\/vyrobce\/wp-content\/uploads\/v\u00e1no\u010dn\u00ed-ozdoboy-kouli\u010dky-na-zak\u00e1zku-300x300.jpg 300w\" sizes=\"(max-width: 145px) 100vw, 145px\" \/><\/a><\/span><\/p>\n<p style=\"text-align: justify;\"><span>Zaujala V\u00e1s zak\u00e1zkov\u00e1 v\u00fdroba v\u00e1no\u010dn\u00ed ozdoby a chcete si je nechat vyrobit o obdarovat sv\u00e9 z\u00e1kazn\u00edky \u010di obchodn\u00ed partnery? Kontaktujte n\u00e1s pro cenovou nab\u00eddku na emailu:<\/span><a href=\"mailto:info@predmetyreklamni.eu\">\u00a0info@predmetyreklamni.eu<\/a><\/p>\n<p style=\"text-align: justify;\"><strong>Do cenov\u00e9 popt\u00e1vky pros\u00edm uve\u010fte pot\u0159ebn\u00e9 informace pro cenovou nab\u00eddku jako<\/strong>: mno\u017estv\u00ed, materi\u00e1l, tvar, barevn\u00e9 proveden\u00ed nebo kombinaci barev, dobu dod\u00e1n\u00ed. V\u0161echny tyto informace n\u00e1m pomohou k rychlej\u0161\u00edmu zpracov\u00e1n\u00ed cenov\u00e9 nab\u00eddky pr\u00e1v\u011b pro V\u00e1s.<\/p>\n<p>T\u011b\u0161\u00edme se na spolupr\u00e1ci! Team Gifts Service<\/p>\n","protected":false},"excerpt":{"rendered":"<p>V\u00c1NO\u010cN\u00cd OZDOBY ZAK\u00c1ZKOV\u00c1 V\u00ddROBA V\u00e1no\u010dn\u00ed ozdoby zak\u00e1zkov\u00e1 v\u00fdroba V\u00e1no\u010dn\u00ed ozdoby\u00a0nab\u00edz\u00ed velmi \u0161irok\u00fd v\u00fdb\u011br a jejich zak\u00e1zkov\u00e1 v\u00fdroba tento v\u00fdb\u011br nav\u00edc roz\u0161i\u0159uje.\u00a0V\u00e1no\u010dn\u00ed ozdoby\u00a0mohou b\u00fdt vyroben\u00e9 ze skla, kovu, d\u0159eva, \u00a0keramiky nebo p\u0159\u00edrodn\u00edch materi\u00e1l\u016f. Zak\u00e1zkov\u00e1 v\u00fdroba t\u00e9\u017e zajist\u00ed v\u00e1no\u010dn\u00ed ozdoby v jak\u00e9koliv &hellip; <a href=\"https:\/\/predmetyreklamni.eu\/vyrobce\/vanocni-ozdoby-zakazkova-vyroba\/\">Continue reading <span class=\"meta-nav\">&rarr;<\/span><\/a><\/p>\n","protected":false},"author":1,"featured_media":0,"parent":0,"menu_order":20,"comment_status":"closed","ping_status":"open","template":"sidebar-page.php","meta":[],"_links":{"self":[{"href":"https:\/\/predmetyreklamni.eu\/vyrobce\/wp-json\/wp\/v2\/pages\/897"}],"collection":[{"href":"https:\/\/predmetyreklamni.eu\/vyrobce\/wp-json\/wp\/v2\/pages"}],"about":[{"href":"https:\/\/predmetyreklamni.eu\/vyrobce\/wp-json\/wp\/v2\/types\/page"}],"author":[{"embeddable":true,"href":"https:\/\/predmetyreklamni.eu\/vyrobce\/wp-json\/wp\/v2\/users\/1"}],"replies":[{"embeddable":true,"href":"https:\/\/predmetyreklamni.eu\/vyrobce\/wp-json\/wp\/v2\/comments?post=897"}],"version-history":[{"count":21,"href":"https:\/\/predmetyreklamni.eu\/vyrobce\/wp-json\/wp\/v2\/pages\/897\/revisions"}],"predecessor-version":[{"id":2964,"href":"https:\/\/predmetyreklamni.eu\/vyrobce\/wp-json\/wp\/v2\/pages\/897\/revisions\/2964"}],"wp:attachment":[{"href":"https:\/\/predmetyreklamni.eu\/vyrobce\/wp-json\/wp\/v2\/media?parent=897"}],"curies":[{"name":"wp","href":"https:\/\/api.w.org\/{rel}","templated":true}]}}